{"id":981,"date":"2020-02-06T11:21:15","date_gmt":"2020-02-06T10:21:15","guid":{"rendered":"https:\/\/alle-im-digitalen-wandel.de\/home\/?page_id=981"},"modified":"2020-02-06T11:40:44","modified_gmt":"2020-02-06T10:40:44","slug":"lebenslanges-lernen","status":"publish","type":"page","link":"https:\/\/alle-im-digitalen-wandel.de\/home\/lebenslanges-lernen\/","title":{"rendered":"Lebenslanges Lernen"},"content":{"rendered":"<div id=\"pl-981\"  class=\"panel-layout\" ><div id=\"pg-981-0\"  class=\"panel-grid panel-has-style\" ><div class=\"siteorigin-panels-stretch panel-row-style panel-row-style-for-981-0\" data-stretch-type=\"full-stretched\" ><div id=\"pgc-981-0-0\"  class=\"panel-grid-cell\" ><div id=\"panel-981-0-0-0\" class=\"so-panel widget widget_lsow-hero-image panel-first-child panel-last-child\" data-index=\"0\" ><div\n\t\t\t\n\t\t\tclass=\"so-widget-lsow-hero-image so-widget-lsow-hero-image-default-b69fc66c3e26-981\"\n\t\t\t\n\t\t>\n\n<div class=\"lsow-hero-header lsow-section-bg-parallax\" >\n\n    <div class=\"lsow-background\">\n\n        \n            \n            \n                \n                    <div class=\"lsow-parallax-bg\"\n                         style=\"background-image: url(https:\/\/alle-im-digitalen-wandel.de\/wp-content\/uploads\/2020\/02\/photo-1546410531-bb4caa6b424d.jpeg);\"><\/div>\n\n                \n            \n        \n    <\/div><!-- .lsow-background -->\n\n    \n        <div class=\"lsow-overlay\" style=\"background-color: rgba(51, 51, 51, 0.3);\"><\/div>\n\n    \n    <div class=\"lsow-header-content\">\n\n        \n            <div class=\"lsow-standard-header\">\n\n                \n                <h3 class=\"lsow-heading\">Lebenslanges Lernen<\/h3>\n                \n            <\/div>\n\n        \n\n    <\/div>\n\n    \n<\/div><\/div><\/div><\/div><\/div><\/div><div id=\"pg-981-1\"  class=\"panel-grid panel-no-style\" ><div id=\"pgc-981-1-0\"  class=\"panel-grid-cell\" ><div id=\"panel-981-1-0-0\" class=\"so-panel widget widget_lsow-portfolio panel-first-child panel-last-child\" data-index=\"1\" ><div\n\t\t\t\n\t\t\tclass=\"so-widget-lsow-portfolio so-widget-lsow-portfolio-default-2c12ee61c629-981\"\n\t\t\t\n\t\t><div class=\"lsow-portfolio-wrap lsow-gapless-grid\"><div id=\"lsow-portfolio-69ef69df7dfc1\" class=\"lsow-portfolio js-isotope lsow-fitRows lsow-grid-container  lsow-grid-desktop-2 lsow-grid-tablet-2 lsow-grid-mobile-1\" data-isotope-options='{ \"itemSelector\": \".lsow-portfolio-item\", \"layoutMode\": \"fitRows\"}'><div data-id=\"id-1138\" class=\"lsow-grid-item lsow-portfolio-item  term-45 term-1 term-10 term-48 term-6\"><article id=\"post-1138\" class=\"post-1138 post type-post status-publish format-standard has-post-thumbnail hentry category-aktuelles category-allgemein category-lebenslanges-lernen category-lesetipps category-veraenderungskommunikation\"><div class=\"lsow-project-image\"><a href=\"https:\/\/alle-im-digitalen-wandel.de\/home\/lesetipps-aus-newsletter\/\" target=\"_self\"><img width=\"1024\" height=\"684\" src=\"https:\/\/alle-im-digitalen-wandel.de\/wp-content\/uploads\/2020\/03\/photo-1518457900604-5c973dffdedf-1024x684.jpeg\" class=\"lsow-image skip-lazy no-lazyload exclude-me a3-notlazy wp-post-image\" alt=\"\" decoding=\"async\" loading=\"eager\" data-no-lazy=\"1\" srcset=\"https:\/\/alle-im-digitalen-wandel.de\/wp-content\/uploads\/2020\/03\/photo-1518457900604-5c973dffdedf-1024x684.jpeg 1024w, https:\/\/alle-im-digitalen-wandel.de\/wp-content\/uploads\/2020\/03\/photo-1518457900604-5c973dffdedf-300x200.jpeg 300w, https:\/\/alle-im-digitalen-wandel.de\/wp-content\/uploads\/2020\/03\/photo-1518457900604-5c973dffdedf-768x513.jpeg 768w, https:\/\/alle-im-digitalen-wandel.de\/wp-content\/uploads\/2020\/03\/photo-1518457900604-5c973dffdedf-272x182.jpeg 272w, https:\/\/alle-im-digitalen-wandel.de\/wp-content\/uploads\/2020\/03\/photo-1518457900604-5c973dffdedf.jpeg 1498w\" sizes=\"(max-width: 1024px) 100vw, 1024px\" \/><\/a><div class=\"lsow-image-info\"><div class=\"lsow-entry-info\"><h3 class=\"lsow-post-title\"><a href=\"https:\/\/alle-im-digitalen-wandel.de\/home\/lesetipps-aus-newsletter\/\" title=\"Lesetipps\" target=\"_self\" rel=\"bookmark\">Lesetipps<\/a><\/h3><\/div><\/div><!-- .lsow-image-info --><\/div><div class=\"lsow-entry-text-wrap \"><h3 class=\"entry-title\"><a href=\"https:\/\/alle-im-digitalen-wandel.de\/home\/lesetipps-aus-newsletter\/\" title=\"Lesetipps\" target=\"_self\" rel=\"bookmark\">Lesetipps<\/a><\/h3><div class=\"lsow-entry-meta\"><span class=\"author vcard\">By <a class=\"url fn n\" href=\"https:\/\/alle-im-digitalen-wandel.de\/home\/author\/hannah-schuerr\/\" title=\"Hannah Sch\u00fcrr\">Hannah Sch\u00fcrr<\/a><\/span><span class=\"published\"><abbr title=\"Montag, M\u00e4rz, 2020, 11:30 a.m.\">9. M\u00e4rz 2020<\/abbr><\/span><\/div><div class=\"entry-summary\">In unserem Newsletter erhalten sie einmal im Quartal von uns spannende Lesetipps aus den Bereichen New Work, Resilienz, Lebenslanges Lernen und Ver\u00e4nderungskommunikation. Regelm\u00e4\u00dfig wollen wir ihnen jetzt auch hier einen kleinen Einblick in unsere Auswahl geben. <\/div><\/div><\/article><!-- .hentry --><\/div><div data-id=\"id-869\" class=\"lsow-grid-item lsow-portfolio-item  term-45 term-1 term-10\"><article id=\"post-869\" class=\"post-869 post type-post status-publish format-standard has-post-thumbnail hentry category-aktuelles category-allgemein category-lebenslanges-lernen tag-lernplattform\"><div class=\"lsow-project-image\"><a href=\"https:\/\/alle-im-digitalen-wandel.de\/home\/eine-plattform-fuer-das-gemeinsame-vernetzte-lernen\/\" target=\"_self\"><img width=\"1012\" height=\"548\" src=\"https:\/\/alle-im-digitalen-wandel.de\/wp-content\/uploads\/2020\/02\/2020_01_06_LearnDash_Screenshot.png\" class=\"lsow-image skip-lazy no-lazyload exclude-me a3-notlazy wp-post-image\" alt=\"\" decoding=\"async\" loading=\"eager\" data-no-lazy=\"1\" srcset=\"https:\/\/alle-im-digitalen-wandel.de\/wp-content\/uploads\/2020\/02\/2020_01_06_LearnDash_Screenshot.png 1012w, https:\/\/alle-im-digitalen-wandel.de\/wp-content\/uploads\/2020\/02\/2020_01_06_LearnDash_Screenshot-300x162.png 300w, https:\/\/alle-im-digitalen-wandel.de\/wp-content\/uploads\/2020\/02\/2020_01_06_LearnDash_Screenshot-768x416.png 768w\" sizes=\"(max-width: 1012px) 100vw, 1012px\" \/><\/a><div class=\"lsow-image-info\"><div class=\"lsow-entry-info\"><h3 class=\"lsow-post-title\"><a href=\"https:\/\/alle-im-digitalen-wandel.de\/home\/eine-plattform-fuer-das-gemeinsame-vernetzte-lernen\/\" title=\"Eine Plattform f\u00fcr das gemeinsame, vernetzte Lernen\" target=\"_self\" rel=\"bookmark\">Eine Plattform f\u00fcr das gemeinsame, vernetzte Lernen<\/a><\/h3><\/div><\/div><!-- .lsow-image-info --><\/div><div class=\"lsow-entry-text-wrap \"><h3 class=\"entry-title\"><a href=\"https:\/\/alle-im-digitalen-wandel.de\/home\/eine-plattform-fuer-das-gemeinsame-vernetzte-lernen\/\" title=\"Eine Plattform f\u00fcr das gemeinsame, vernetzte Lernen\" target=\"_self\" rel=\"bookmark\">Eine Plattform f\u00fcr das gemeinsame, vernetzte Lernen<\/a><\/h3><div class=\"lsow-entry-meta\"><span class=\"author vcard\">By <a class=\"url fn n\" href=\"https:\/\/alle-im-digitalen-wandel.de\/home\/author\/admin\/\" title=\"admin\">admin<\/a><\/span><span class=\"published\"><abbr title=\"Montag, Januar, 2020, 3:07 p.m.\">13. Januar 2020<\/abbr><\/span><\/div><div class=\"entry-summary\">Das Projekt \u201eALLE im digitalen Wandel\u201c will auch in der konkreten Unterst\u00fctzung von Projektteams und Lerngruppen neue Wege gehen. Zusammen mit unserem Projektpartner \u201eschenck.de\u201c wurde deshalb eine Lernplattform gesucht, die nicht nur die Vermittlung von Lerninhalten, sondern auch die Kommunikation der Teilnehmenden und die Arbeit in Gruppen unterst\u00fctzt.<\/div><\/div><\/article><!-- .hentry --><\/div><div data-id=\"id-108\" class=\"lsow-grid-item lsow-portfolio-item  term-45 term-1 term-10 term-8\"><article id=\"post-108\" class=\"post-108 post type-post status-publish format-standard has-post-thumbnail hentry category-aktuelles category-allgemein category-lebenslanges-lernen category-resilienz tag-digitalisierung tag-resilienz tag-tools tag-weiterbildungsstrategie tag-working-out-loud\"><div class=\"lsow-project-image\"><a href=\"https:\/\/alle-im-digitalen-wandel.de\/home\/fundstuecke-juli-2019\/\" target=\"_self\"><img width=\"1024\" height=\"576\" src=\"https:\/\/alle-im-digitalen-wandel.de\/wp-content\/uploads\/2019\/09\/austin-distel-rxpThOwuVgE-unsplash-1024x576.jpg\" class=\"lsow-image skip-lazy no-lazyload exclude-me a3-notlazy wp-post-image\" alt=\"\" decoding=\"async\" loading=\"eager\" data-no-lazy=\"1\" srcset=\"https:\/\/alle-im-digitalen-wandel.de\/wp-content\/uploads\/2019\/09\/austin-distel-rxpThOwuVgE-unsplash-1024x576.jpg 1024w, https:\/\/alle-im-digitalen-wandel.de\/wp-content\/uploads\/2019\/09\/austin-distel-rxpThOwuVgE-unsplash-300x169.jpg 300w, https:\/\/alle-im-digitalen-wandel.de\/wp-content\/uploads\/2019\/09\/austin-distel-rxpThOwuVgE-unsplash-768x432.jpg 768w\" sizes=\"(max-width: 1024px) 100vw, 1024px\" \/><\/a><div class=\"lsow-image-info\"><div class=\"lsow-entry-info\"><h3 class=\"lsow-post-title\"><a href=\"https:\/\/alle-im-digitalen-wandel.de\/home\/fundstuecke-juli-2019\/\" title=\"Fundst\u00fccke, Juli 2019\" target=\"_self\" rel=\"bookmark\">Fundst\u00fccke, Juli 2019<\/a><\/h3><\/div><\/div><!-- .lsow-image-info --><\/div><div class=\"lsow-entry-text-wrap \"><h3 class=\"entry-title\"><a href=\"https:\/\/alle-im-digitalen-wandel.de\/home\/fundstuecke-juli-2019\/\" title=\"Fundst\u00fccke, Juli 2019\" target=\"_self\" rel=\"bookmark\">Fundst\u00fccke, Juli 2019<\/a><\/h3><div class=\"lsow-entry-meta\"><span class=\"author vcard\">By <a class=\"url fn n\" href=\"https:\/\/alle-im-digitalen-wandel.de\/home\/author\/admin\/\" title=\"admin\">admin<\/a><\/span><span class=\"published\"><abbr title=\"Montag, Juli, 2019, 5:53 p.m.\">15. Juli 2019<\/abbr><\/span><\/div><div class=\"entry-summary\">Nationale Weiterbildungsstrategie. Hrsg. von Bundesministerium f\u00fcr Arbeit und Soziales (BMAS) und Bundesministerium f\u00fcr Bildung und Forschung (BMBF), Juni 2019 (23 S.) \nZehn Handlungsziele werden formuliert und mit konkreten Ma\u00dfnahmen verbunden. Im Zentrum steht der Ruf nach einer neuen Weiterbildungskultur in Deutschland, \u201edie Weiterbildung als selbstverst\u00e4ndlichen Teil des Lebens versteht\u201c.<\/div><\/div><\/article><!-- .hentry --><\/div><\/div><!-- .lsow-portfolio --><\/div><!-- .lsow-portfolio-wrap --><\/div><\/div><\/div><\/div><\/div>","protected":false},"excerpt":{"rendered":"","protected":false},"author":1,"featured_media":0,"parent":0,"menu_order":0,"comment_status":"closed","ping_status":"closed","template":"","meta":{"_themeisle_gutenberg_block_has_review":false},"yoast_head":"<!-- This site is optimized with the Yoast SEO plugin v19.11 - https:\/\/yoast.com\/wordpress\/plugins\/seo\/ -->\n<title>Lebenslanges Lernen - Alle im digitalen Wandel<\/title>\n<meta name=\"robots\" content=\"index, follow, max-snippet:-1, max-image-preview:large, max-video-preview:-1\" \/>\n<link rel=\"canonical\" href=\"https:\/\/alle-im-digitalen-wandel.de\/home\/lebenslanges-lernen\/\" \/>\n<meta property=\"og:locale\" content=\"de_DE\" \/>\n<meta property=\"og:type\" content=\"article\" \/>\n<meta property=\"og:title\" content=\"Lebenslanges Lernen - Alle im digitalen Wandel\" \/>\n<meta property=\"og:url\" content=\"https:\/\/alle-im-digitalen-wandel.de\/home\/lebenslanges-lernen\/\" \/>\n<meta property=\"og:site_name\" content=\"Alle im digitalen Wandel\" \/>\n<meta property=\"article:modified_time\" content=\"2020-02-06T10:40:44+00:00\" \/>\n<meta name=\"twitter:card\" content=\"summary_large_image\" \/>\n<script type=\"application\/ld+json\" class=\"yoast-schema-graph\">{\"@context\":\"https:\/\/schema.org\",\"@graph\":[{\"@type\":\"WebPage\",\"@id\":\"https:\/\/alle-im-digitalen-wandel.de\/home\/lebenslanges-lernen\/\",\"url\":\"https:\/\/alle-im-digitalen-wandel.de\/home\/lebenslanges-lernen\/\",\"name\":\"Lebenslanges Lernen - Alle im digitalen Wandel\",\"isPartOf\":{\"@id\":\"https:\/\/alle-im-digitalen-wandel.de\/home\/#website\"},\"datePublished\":\"2020-02-06T10:21:15+00:00\",\"dateModified\":\"2020-02-06T10:40:44+00:00\",\"breadcrumb\":{\"@id\":\"https:\/\/alle-im-digitalen-wandel.de\/home\/lebenslanges-lernen\/#breadcrumb\"},\"inLanguage\":\"de\",\"potentialAction\":[{\"@type\":\"ReadAction\",\"target\":[\"https:\/\/alle-im-digitalen-wandel.de\/home\/lebenslanges-lernen\/\"]}]},{\"@type\":\"BreadcrumbList\",\"@id\":\"https:\/\/alle-im-digitalen-wandel.de\/home\/lebenslanges-lernen\/#breadcrumb\",\"itemListElement\":[{\"@type\":\"ListItem\",\"position\":1,\"name\":\"Startseite\",\"item\":\"https:\/\/alle-im-digitalen-wandel.de\/home\/\"},{\"@type\":\"ListItem\",\"position\":2,\"name\":\"Lebenslanges Lernen\"}]},{\"@type\":\"WebSite\",\"@id\":\"https:\/\/alle-im-digitalen-wandel.de\/home\/#website\",\"url\":\"https:\/\/alle-im-digitalen-wandel.de\/home\/\",\"name\":\"Alle im digitalen Wandel\",\"description\":\"Ein Projekt der Hochschule Darmstadt\",\"publisher\":{\"@id\":\"https:\/\/alle-im-digitalen-wandel.de\/home\/#organization\"},\"potentialAction\":[{\"@type\":\"SearchAction\",\"target\":{\"@type\":\"EntryPoint\",\"urlTemplate\":\"https:\/\/alle-im-digitalen-wandel.de\/home\/?s={search_term_string}\"},\"query-input\":\"required name=search_term_string\"}],\"inLanguage\":\"de\"},{\"@type\":\"Organization\",\"@id\":\"https:\/\/alle-im-digitalen-wandel.de\/home\/#organization\",\"name\":\"Alle im digitalen Wandel\",\"url\":\"https:\/\/alle-im-digitalen-wandel.de\/home\/\",\"logo\":{\"@type\":\"ImageObject\",\"inLanguage\":\"de\",\"@id\":\"https:\/\/alle-im-digitalen-wandel.de\/home\/#\/schema\/logo\/image\/\",\"url\":\"https:\/\/alle-im-digitalen-wandel.de\/wp-content\/uploads\/2020\/07\/cropped-Frame21.png\",\"contentUrl\":\"https:\/\/alle-im-digitalen-wandel.de\/wp-content\/uploads\/2020\/07\/cropped-Frame21.png\",\"width\":1786,\"height\":782,\"caption\":\"Alle im digitalen Wandel\"},\"image\":{\"@id\":\"https:\/\/alle-im-digitalen-wandel.de\/home\/#\/schema\/logo\/image\/\"}}]}<\/script>\n<!-- \/ Yoast SEO plugin. -->","yoast_head_json":{"title":"Lebenslanges Lernen - Alle im digitalen Wandel","robots":{"index":"index","follow":"follow","max-snippet":"max-snippet:-1","max-image-preview":"max-image-preview:large","max-video-preview":"max-video-preview:-1"},"canonical":"https:\/\/alle-im-digitalen-wandel.de\/home\/lebenslanges-lernen\/","og_locale":"de_DE","og_type":"article","og_title":"Lebenslanges Lernen - Alle im digitalen Wandel","og_url":"https:\/\/alle-im-digitalen-wandel.de\/home\/lebenslanges-lernen\/","og_site_name":"Alle im digitalen Wandel","article_modified_time":"2020-02-06T10:40:44+00:00","twitter_card":"summary_large_image","schema":{"@context":"https:\/\/schema.org","@graph":[{"@type":"WebPage","@id":"https:\/\/alle-im-digitalen-wandel.de\/home\/lebenslanges-lernen\/","url":"https:\/\/alle-im-digitalen-wandel.de\/home\/lebenslanges-lernen\/","name":"Lebenslanges Lernen - Alle im digitalen Wandel","isPartOf":{"@id":"https:\/\/alle-im-digitalen-wandel.de\/home\/#website"},"datePublished":"2020-02-06T10:21:15+00:00","dateModified":"2020-02-06T10:40:44+00:00","breadcrumb":{"@id":"https:\/\/alle-im-digitalen-wandel.de\/home\/lebenslanges-lernen\/#breadcrumb"},"inLanguage":"de","potentialAction":[{"@type":"ReadAction","target":["https:\/\/alle-im-digitalen-wandel.de\/home\/lebenslanges-lernen\/"]}]},{"@type":"BreadcrumbList","@id":"https:\/\/alle-im-digitalen-wandel.de\/home\/lebenslanges-lernen\/#breadcrumb","itemListElement":[{"@type":"ListItem","position":1,"name":"Startseite","item":"https:\/\/alle-im-digitalen-wandel.de\/home\/"},{"@type":"ListItem","position":2,"name":"Lebenslanges Lernen"}]},{"@type":"WebSite","@id":"https:\/\/alle-im-digitalen-wandel.de\/home\/#website","url":"https:\/\/alle-im-digitalen-wandel.de\/home\/","name":"Alle im digitalen Wandel","description":"Ein Projekt der Hochschule Darmstadt","publisher":{"@id":"https:\/\/alle-im-digitalen-wandel.de\/home\/#organization"},"potentialAction":[{"@type":"SearchAction","target":{"@type":"EntryPoint","urlTemplate":"https:\/\/alle-im-digitalen-wandel.de\/home\/?s={search_term_string}"},"query-input":"required name=search_term_string"}],"inLanguage":"de"},{"@type":"Organization","@id":"https:\/\/alle-im-digitalen-wandel.de\/home\/#organization","name":"Alle im digitalen Wandel","url":"https:\/\/alle-im-digitalen-wandel.de\/home\/","logo":{"@type":"ImageObject","inLanguage":"de","@id":"https:\/\/alle-im-digitalen-wandel.de\/home\/#\/schema\/logo\/image\/","url":"https:\/\/alle-im-digitalen-wandel.de\/wp-content\/uploads\/2020\/07\/cropped-Frame21.png","contentUrl":"https:\/\/alle-im-digitalen-wandel.de\/wp-content\/uploads\/2020\/07\/cropped-Frame21.png","width":1786,"height":782,"caption":"Alle im digitalen Wandel"},"image":{"@id":"https:\/\/alle-im-digitalen-wandel.de\/home\/#\/schema\/logo\/image\/"}}]}},"_links":{"self":[{"href":"https:\/\/alle-im-digitalen-wandel.de\/home\/wp-json\/wp\/v2\/pages\/981"}],"collection":[{"href":"https:\/\/alle-im-digitalen-wandel.de\/home\/wp-json\/wp\/v2\/pages"}],"about":[{"href":"https:\/\/alle-im-digitalen-wandel.de\/home\/wp-json\/wp\/v2\/types\/page"}],"author":[{"embeddable":true,"href":"https:\/\/alle-im-digitalen-wandel.de\/home\/wp-json\/wp\/v2\/users\/1"}],"replies":[{"embeddable":true,"href":"https:\/\/alle-im-digitalen-wandel.de\/home\/wp-json\/wp\/v2\/comments?post=981"}],"version-history":[{"count":11,"href":"https:\/\/alle-im-digitalen-wandel.de\/home\/wp-json\/wp\/v2\/pages\/981\/revisions"}],"predecessor-version":[{"id":1013,"href":"https:\/\/alle-im-digitalen-wandel.de\/home\/wp-json\/wp\/v2\/pages\/981\/revisions\/1013"}],"wp:attachment":[{"href":"https:\/\/alle-im-digitalen-wandel.de\/home\/wp-json\/wp\/v2\/media?parent=981"}],"curies":[{"name":"wp","href":"https:\/\/api.w.org\/{rel}","templated":true}]}}