{"id":976,"date":"2020-02-06T11:21:37","date_gmt":"2020-02-06T10:21:37","guid":{"rendered":"https:\/\/alle-im-digitalen-wandel.de\/home\/?page_id=976"},"modified":"2020-02-06T11:41:09","modified_gmt":"2020-02-06T10:41:09","slug":"veraenderungskommunikation","status":"publish","type":"page","link":"https:\/\/alle-im-digitalen-wandel.de\/home\/veraenderungskommunikation\/","title":{"rendered":"Ver\u00e4nderungskommunikation"},"content":{"rendered":"<div id=\"pl-976\"  class=\"panel-layout\" ><div id=\"pg-976-0\"  class=\"panel-grid panel-has-style\" ><div class=\"siteorigin-panels-stretch panel-row-style panel-row-style-for-976-0\" data-stretch-type=\"full-stretched\" ><div id=\"pgc-976-0-0\"  class=\"panel-grid-cell\" ><div id=\"panel-976-0-0-0\" class=\"so-panel widget widget_lsow-hero-image panel-first-child panel-last-child\" data-index=\"0\" ><div\n\t\t\t\n\t\t\tclass=\"so-widget-lsow-hero-image so-widget-lsow-hero-image-default-b69fc66c3e26-976\"\n\t\t\t\n\t\t>\n\n<div class=\"lsow-hero-header lsow-section-bg-parallax\" >\n\n    <div class=\"lsow-background\">\n\n        \n            \n            \n                \n                    <div class=\"lsow-parallax-bg\"\n                         style=\"background-image: url(https:\/\/alle-im-digitalen-wandel.de\/wp-content\/uploads\/2019\/09\/photo_2019-09-06_20-37-06.jpg);\"><\/div>\n\n                \n            \n        \n    <\/div><!-- .lsow-background -->\n\n    \n        <div class=\"lsow-overlay\" style=\"background-color: rgba(51, 51, 51, 0.3);\"><\/div>\n\n    \n    <div class=\"lsow-header-content\">\n\n        \n            <div class=\"lsow-standard-header\">\n\n                \n                <h3 class=\"lsow-heading\">Ver\u00e4nderungskommunikation<\/h3>\n                \n            <\/div>\n\n        \n\n    <\/div>\n\n    \n<\/div><\/div><\/div><\/div><\/div><\/div><div id=\"pg-976-1\"  class=\"panel-grid panel-no-style\" ><div id=\"pgc-976-1-0\"  class=\"panel-grid-cell\" ><div id=\"panel-976-1-0-0\" class=\"so-panel widget widget_lsow-portfolio panel-first-child panel-last-child\" data-index=\"1\" ><div\n\t\t\t\n\t\t\tclass=\"so-widget-lsow-portfolio so-widget-lsow-portfolio-default-2c12ee61c629-976\"\n\t\t\t\n\t\t><div class=\"lsow-portfolio-wrap lsow-gapless-grid\"><div id=\"lsow-portfolio-69ef67177b23a\" class=\"lsow-portfolio js-isotope lsow-fitRows lsow-grid-container  lsow-grid-desktop-2 lsow-grid-tablet-2 lsow-grid-mobile-1\" data-isotope-options='{ \"itemSelector\": \".lsow-portfolio-item\", \"layoutMode\": \"fitRows\"}'><div data-id=\"id-1480\" class=\"lsow-grid-item lsow-portfolio-item  term-45 term-1 term-48 term-6\"><article id=\"post-1480\" class=\"post-1480 post type-post status-publish format-standard has-post-thumbnail hentry category-aktuelles category-allgemein category-lesetipps category-veraenderungskommunikation\"><div class=\"lsow-project-image\"><a href=\"https:\/\/alle-im-digitalen-wandel.de\/home\/playbook-veraenderungskommunikation\/\" target=\"_self\"><img width=\"967\" height=\"683\" src=\"https:\/\/alle-im-digitalen-wandel.de\/wp-content\/uploads\/2022\/09\/veraenderungskommunikation.jpg\" class=\"lsow-image skip-lazy no-lazyload exclude-me a3-notlazy wp-post-image\" alt=\"\" decoding=\"async\" loading=\"eager\" data-no-lazy=\"1\" srcset=\"https:\/\/alle-im-digitalen-wandel.de\/wp-content\/uploads\/2022\/09\/veraenderungskommunikation.jpg 967w, https:\/\/alle-im-digitalen-wandel.de\/wp-content\/uploads\/2022\/09\/veraenderungskommunikation-300x212.jpg 300w, https:\/\/alle-im-digitalen-wandel.de\/wp-content\/uploads\/2022\/09\/veraenderungskommunikation-768x542.jpg 768w\" sizes=\"(max-width: 967px) 100vw, 967px\" \/><\/a><div class=\"lsow-image-info\"><div class=\"lsow-entry-info\"><h3 class=\"lsow-post-title\"><a href=\"https:\/\/alle-im-digitalen-wandel.de\/home\/playbook-veraenderungskommunikation\/\" title=\"Playbook Ver\u00e4nderungs-Kommunikation\" target=\"_self\" rel=\"bookmark\">Playbook Ver\u00e4nderungs-Kommunikation<\/a><\/h3><\/div><\/div><!-- .lsow-image-info --><\/div><div class=\"lsow-entry-text-wrap \"><h3 class=\"entry-title\"><a href=\"https:\/\/alle-im-digitalen-wandel.de\/home\/playbook-veraenderungskommunikation\/\" title=\"Playbook Ver\u00e4nderungs-Kommunikation\" target=\"_self\" rel=\"bookmark\">Playbook Ver\u00e4nderungs-Kommunikation<\/a><\/h3><div class=\"lsow-entry-meta\"><span class=\"author vcard\">By <a class=\"url fn n\" href=\"https:\/\/alle-im-digitalen-wandel.de\/home\/author\/admin\/\" title=\"admin\">admin<\/a><\/span><span class=\"published\"><abbr title=\"Montag, September, 2022, 9:46 a.m.\">19. September 2022<\/abbr><\/span><\/div><div class=\"entry-summary\">Ver\u00e4nderungen in Betrieben: Playbook zeigt Bedeutung der Kommunikation und gibt zahlreiche Hilfestellungen. Mit dem Playbook \u201cVer\u00e4nderungen kommunizieren &#8211; Kommunikation ver\u00e4ndern\u201d erhalten Manager:innen und Kommunikationsfachleute eine umfangreiche Hilfestellung zur Kommunikation von Ver\u00e4nderungen in Unternehmen. Das Booklet ist im Rahmen des Projekts \u201cAlle im digitalen Wandel\u201d an der Hochschule Darmstadt entstanden und<\/div><\/div><\/article><!-- .hentry --><\/div><div data-id=\"id-1176\" class=\"lsow-grid-item lsow-portfolio-item  term-45 term-11 term-6\"><article id=\"post-1176\" class=\"post-1176 post type-post status-publish format-standard has-post-thumbnail hentry category-aktuelles category-events category-veraenderungskommunikation tag-change tag-change-communication tag-corona-krise tag-digitale-herausforderungen tag-digitaler-wandel tag-digitalisierung tag-home-office tag-kommunikation tag-krisenkommunikation tag-positiver-wandel tag-roundtable tag-veraenderungskommunikation tag-veraenderungsprozesse\"><div class=\"lsow-project-image\"><a href=\"https:\/\/alle-im-digitalen-wandel.de\/home\/aus-passiver-krisenkommunikation-wird-aktive-veraenderungskommunikation\/\" target=\"_self\"><img width=\"1024\" height=\"683\" src=\"https:\/\/alle-im-digitalen-wandel.de\/wp-content\/uploads\/2020\/05\/photo-1542089363-bba089ffaa25-1024x683.jpeg\" class=\"lsow-image skip-lazy no-lazyload exclude-me a3-notlazy wp-post-image\" alt=\"\" decoding=\"async\" loading=\"eager\" data-no-lazy=\"1\" srcset=\"https:\/\/alle-im-digitalen-wandel.de\/wp-content\/uploads\/2020\/05\/photo-1542089363-bba089ffaa25-1024x683.jpeg 1024w, https:\/\/alle-im-digitalen-wandel.de\/wp-content\/uploads\/2020\/05\/photo-1542089363-bba089ffaa25-300x200.jpeg 300w, https:\/\/alle-im-digitalen-wandel.de\/wp-content\/uploads\/2020\/05\/photo-1542089363-bba089ffaa25-768x512.jpeg 768w, https:\/\/alle-im-digitalen-wandel.de\/wp-content\/uploads\/2020\/05\/photo-1542089363-bba089ffaa25-1536x1024.jpeg 1536w, https:\/\/alle-im-digitalen-wandel.de\/wp-content\/uploads\/2020\/05\/photo-1542089363-bba089ffaa25-2048x1365.jpeg 2048w, https:\/\/alle-im-digitalen-wandel.de\/wp-content\/uploads\/2020\/05\/photo-1542089363-bba089ffaa25-272x182.jpeg 272w\" sizes=\"(max-width: 1024px) 100vw, 1024px\" \/><\/a><div class=\"lsow-image-info\"><div class=\"lsow-entry-info\"><h3 class=\"lsow-post-title\"><a href=\"https:\/\/alle-im-digitalen-wandel.de\/home\/aus-passiver-krisenkommunikation-wird-aktive-veraenderungskommunikation\/\" title=\"Aus passiv wird aktiv oder: Ver\u00e4nderungskommunikation in Zeiten von Corona\" target=\"_self\" rel=\"bookmark\">Aus passiv wird aktiv oder: Ver\u00e4nderungskommunikation in Zeiten von Corona<\/a><\/h3><\/div><\/div><!-- .lsow-image-info --><\/div><div class=\"lsow-entry-text-wrap \"><h3 class=\"entry-title\"><a href=\"https:\/\/alle-im-digitalen-wandel.de\/home\/aus-passiver-krisenkommunikation-wird-aktive-veraenderungskommunikation\/\" title=\"Aus passiv wird aktiv oder: Ver\u00e4nderungskommunikation in Zeiten von Corona\" target=\"_self\" rel=\"bookmark\">Aus passiv wird aktiv oder: Ver\u00e4nderungskommunikation in Zeiten von Corona<\/a><\/h3><div class=\"lsow-entry-meta\"><span class=\"author vcard\">By <a class=\"url fn n\" href=\"https:\/\/alle-im-digitalen-wandel.de\/home\/author\/hannah-schuerr\/\" title=\"Hannah Sch\u00fcrr\">Hannah Sch\u00fcrr<\/a><\/span><span class=\"published\"><abbr title=\"Dienstag, Mai, 2020, 12:21 p.m.\">12. Mai 2020<\/abbr><\/span><\/div><div class=\"entry-summary\">Aus passiv wird aktiv oder: Ver\u00e4nderungskommunikation in Zeiten von Corona Aus passiver Krisenkommunikation wird aktive Ver\u00e4nderungskommunikation; ein Prozess, der gerade in Zeiten von Corona vielen Unternehmen nicht leicht f\u00e4llt. Kein Wunder, immerhin waren die letzten Wochen gepr\u00e4gt von Unsicherheit, rasanten Ma\u00dfnahmen und einschneidenden Verordnungen. Umso wichtiger ist es nun, den<\/div><\/div><\/article><!-- .hentry --><\/div><div data-id=\"id-1138\" class=\"lsow-grid-item lsow-portfolio-item  term-45 term-1 term-10 term-48 term-6\"><article id=\"post-1138\" class=\"post-1138 post type-post status-publish format-standard has-post-thumbnail hentry category-aktuelles category-allgemein category-lebenslanges-lernen category-lesetipps category-veraenderungskommunikation\"><div class=\"lsow-project-image\"><a href=\"https:\/\/alle-im-digitalen-wandel.de\/home\/lesetipps-aus-newsletter\/\" target=\"_self\"><img width=\"1024\" height=\"684\" src=\"https:\/\/alle-im-digitalen-wandel.de\/wp-content\/uploads\/2020\/03\/photo-1518457900604-5c973dffdedf-1024x684.jpeg\" class=\"lsow-image skip-lazy no-lazyload exclude-me a3-notlazy wp-post-image\" alt=\"\" decoding=\"async\" loading=\"eager\" data-no-lazy=\"1\" srcset=\"https:\/\/alle-im-digitalen-wandel.de\/wp-content\/uploads\/2020\/03\/photo-1518457900604-5c973dffdedf-1024x684.jpeg 1024w, https:\/\/alle-im-digitalen-wandel.de\/wp-content\/uploads\/2020\/03\/photo-1518457900604-5c973dffdedf-300x200.jpeg 300w, https:\/\/alle-im-digitalen-wandel.de\/wp-content\/uploads\/2020\/03\/photo-1518457900604-5c973dffdedf-768x513.jpeg 768w, https:\/\/alle-im-digitalen-wandel.de\/wp-content\/uploads\/2020\/03\/photo-1518457900604-5c973dffdedf-272x182.jpeg 272w, https:\/\/alle-im-digitalen-wandel.de\/wp-content\/uploads\/2020\/03\/photo-1518457900604-5c973dffdedf.jpeg 1498w\" sizes=\"(max-width: 1024px) 100vw, 1024px\" \/><\/a><div class=\"lsow-image-info\"><div class=\"lsow-entry-info\"><h3 class=\"lsow-post-title\"><a href=\"https:\/\/alle-im-digitalen-wandel.de\/home\/lesetipps-aus-newsletter\/\" title=\"Lesetipps\" target=\"_self\" rel=\"bookmark\">Lesetipps<\/a><\/h3><\/div><\/div><!-- .lsow-image-info --><\/div><div class=\"lsow-entry-text-wrap \"><h3 class=\"entry-title\"><a href=\"https:\/\/alle-im-digitalen-wandel.de\/home\/lesetipps-aus-newsletter\/\" title=\"Lesetipps\" target=\"_self\" rel=\"bookmark\">Lesetipps<\/a><\/h3><div class=\"lsow-entry-meta\"><span class=\"author vcard\">By <a class=\"url fn n\" href=\"https:\/\/alle-im-digitalen-wandel.de\/home\/author\/hannah-schuerr\/\" title=\"Hannah Sch\u00fcrr\">Hannah Sch\u00fcrr<\/a><\/span><span class=\"published\"><abbr title=\"Montag, M\u00e4rz, 2020, 11:30 a.m.\">9. M\u00e4rz 2020<\/abbr><\/span><\/div><div class=\"entry-summary\">In unserem Newsletter erhalten sie einmal im Quartal von uns spannende Lesetipps aus den Bereichen New Work, Resilienz, Lebenslanges Lernen und Ver\u00e4nderungskommunikation. Regelm\u00e4\u00dfig wollen wir ihnen jetzt auch hier einen kleinen Einblick in unsere Auswahl geben. <\/div><\/div><\/article><!-- .hentry --><\/div><div data-id=\"id-1061\" class=\"lsow-grid-item lsow-portfolio-item  term-45 term-1 term-63 term-6\"><article id=\"post-1061\" class=\"post-1061 post type-post status-publish format-standard has-post-thumbnail hentry category-aktuelles category-allgemein category-experimentierraeume category-veraenderungskommunikation tag-agilkom tag-design-thinking tag-digitalisierung tag-experimentierraum tag-kommunen tag-veraenderungsprozesse tag-verwaltungen tag-zukunftswerkstatt\"><div class=\"lsow-project-image\"><a href=\"https:\/\/alle-im-digitalen-wandel.de\/home\/agilkom-einer-von-17-experimentierraeumen\/\" target=\"_self\"><img width=\"1024\" height=\"683\" src=\"https:\/\/alle-im-digitalen-wandel.de\/wp-content\/uploads\/2020\/02\/photo-1546410531-bb4caa6b424d-1024x683.jpeg\" class=\"lsow-image skip-lazy no-lazyload exclude-me a3-notlazy wp-post-image\" alt=\"\" decoding=\"async\" loading=\"eager\" data-no-lazy=\"1\" srcset=\"https:\/\/alle-im-digitalen-wandel.de\/wp-content\/uploads\/2020\/02\/photo-1546410531-bb4caa6b424d-1024x683.jpeg 1024w, https:\/\/alle-im-digitalen-wandel.de\/wp-content\/uploads\/2020\/02\/photo-1546410531-bb4caa6b424d-300x200.jpeg 300w, https:\/\/alle-im-digitalen-wandel.de\/wp-content\/uploads\/2020\/02\/photo-1546410531-bb4caa6b424d-768x512.jpeg 768w, https:\/\/alle-im-digitalen-wandel.de\/wp-content\/uploads\/2020\/02\/photo-1546410531-bb4caa6b424d-1536x1024.jpeg 1536w, https:\/\/alle-im-digitalen-wandel.de\/wp-content\/uploads\/2020\/02\/photo-1546410531-bb4caa6b424d-272x182.jpeg 272w, https:\/\/alle-im-digitalen-wandel.de\/wp-content\/uploads\/2020\/02\/photo-1546410531-bb4caa6b424d.jpeg 1651w\" sizes=\"(max-width: 1024px) 100vw, 1024px\" \/><\/a><div class=\"lsow-image-info\"><div class=\"lsow-entry-info\"><h3 class=\"lsow-post-title\"><a href=\"https:\/\/alle-im-digitalen-wandel.de\/home\/agilkom-einer-von-17-experimentierraeumen\/\" title=\"&#8222;AgilKom&#8220;- einer von 17 Experimentierr\u00e4umen\" target=\"_self\" rel=\"bookmark\">&#8222;AgilKom&#8220;- einer von 17 Experimentierr\u00e4umen<\/a><\/h3><\/div><\/div><!-- .lsow-image-info --><\/div><div class=\"lsow-entry-text-wrap \"><h3 class=\"entry-title\"><a href=\"https:\/\/alle-im-digitalen-wandel.de\/home\/agilkom-einer-von-17-experimentierraeumen\/\" title=\"&#8222;AgilKom&#8220;- einer von 17 Experimentierr\u00e4umen\" target=\"_self\" rel=\"bookmark\">&#8222;AgilKom&#8220;- einer von 17 Experimentierr\u00e4umen<\/a><\/h3><div class=\"lsow-entry-meta\"><span class=\"author vcard\">By <a class=\"url fn n\" href=\"https:\/\/alle-im-digitalen-wandel.de\/home\/author\/hannah-schuerr\/\" title=\"Hannah Sch\u00fcrr\">Hannah Sch\u00fcrr<\/a><\/span><span class=\"published\"><abbr title=\"Dienstag, Februar, 2020, 10:00 a.m.\">25. Februar 2020<\/abbr><\/span><\/div><div class=\"entry-summary\">\"AgilKom\" ist, neben dem Projekt \u201eALLE im digitalen Wandel\u201c, einer der insgesamt 17 Experimentierr\u00e4ume, die im Rahmen der BMAS-F\u00f6rderrichtlinie unter dem Dach der Initiative Neue Qualit\u00e4t der Arbeit (INQA) neue Arbeitsmodelle erproben und im November 2018 gestartet sind. <\/div><\/div><\/article><!-- .hentry --><\/div><\/div><!-- .lsow-portfolio --><\/div><!-- .lsow-portfolio-wrap --><\/div><\/div><\/div><\/div><\/div>","protected":false},"excerpt":{"rendered":"","protected":false},"author":1,"featured_media":0,"parent":0,"menu_order":0,"comment_status":"closed","ping_status":"closed","template":"","meta":{"_themeisle_gutenberg_block_has_review":false},"yoast_head":"<!-- This site is optimized with the Yoast SEO plugin v19.11 - https:\/\/yoast.com\/wordpress\/plugins\/seo\/ -->\n<title>Ver\u00e4nderungskommunikation - Alle im digitalen Wandel<\/title>\n<meta name=\"robots\" content=\"index, follow, max-snippet:-1, max-image-preview:large, max-video-preview:-1\" \/>\n<link rel=\"canonical\" href=\"https:\/\/alle-im-digitalen-wandel.de\/home\/veraenderungskommunikation\/\" \/>\n<meta property=\"og:locale\" content=\"de_DE\" \/>\n<meta property=\"og:type\" content=\"article\" \/>\n<meta property=\"og:title\" content=\"Ver\u00e4nderungskommunikation - Alle im digitalen Wandel\" \/>\n<meta property=\"og:url\" content=\"https:\/\/alle-im-digitalen-wandel.de\/home\/veraenderungskommunikation\/\" \/>\n<meta property=\"og:site_name\" content=\"Alle im digitalen Wandel\" \/>\n<meta property=\"article:modified_time\" content=\"2020-02-06T10:41:09+00:00\" \/>\n<meta name=\"twitter:card\" content=\"summary_large_image\" \/>\n<script type=\"application\/ld+json\" class=\"yoast-schema-graph\">{\"@context\":\"https:\/\/schema.org\",\"@graph\":[{\"@type\":\"WebPage\",\"@id\":\"https:\/\/alle-im-digitalen-wandel.de\/home\/veraenderungskommunikation\/\",\"url\":\"https:\/\/alle-im-digitalen-wandel.de\/home\/veraenderungskommunikation\/\",\"name\":\"Ver\u00e4nderungskommunikation - Alle im digitalen Wandel\",\"isPartOf\":{\"@id\":\"https:\/\/alle-im-digitalen-wandel.de\/home\/#website\"},\"datePublished\":\"2020-02-06T10:21:37+00:00\",\"dateModified\":\"2020-02-06T10:41:09+00:00\",\"breadcrumb\":{\"@id\":\"https:\/\/alle-im-digitalen-wandel.de\/home\/veraenderungskommunikation\/#breadcrumb\"},\"inLanguage\":\"de\",\"potentialAction\":[{\"@type\":\"ReadAction\",\"target\":[\"https:\/\/alle-im-digitalen-wandel.de\/home\/veraenderungskommunikation\/\"]}]},{\"@type\":\"BreadcrumbList\",\"@id\":\"https:\/\/alle-im-digitalen-wandel.de\/home\/veraenderungskommunikation\/#breadcrumb\",\"itemListElement\":[{\"@type\":\"ListItem\",\"position\":1,\"name\":\"Startseite\",\"item\":\"https:\/\/alle-im-digitalen-wandel.de\/home\/\"},{\"@type\":\"ListItem\",\"position\":2,\"name\":\"Ver\u00e4nderungskommunikation\"}]},{\"@type\":\"WebSite\",\"@id\":\"https:\/\/alle-im-digitalen-wandel.de\/home\/#website\",\"url\":\"https:\/\/alle-im-digitalen-wandel.de\/home\/\",\"name\":\"Alle im digitalen Wandel\",\"description\":\"Ein Projekt der Hochschule Darmstadt\",\"publisher\":{\"@id\":\"https:\/\/alle-im-digitalen-wandel.de\/home\/#organization\"},\"potentialAction\":[{\"@type\":\"SearchAction\",\"target\":{\"@type\":\"EntryPoint\",\"urlTemplate\":\"https:\/\/alle-im-digitalen-wandel.de\/home\/?s={search_term_string}\"},\"query-input\":\"required name=search_term_string\"}],\"inLanguage\":\"de\"},{\"@type\":\"Organization\",\"@id\":\"https:\/\/alle-im-digitalen-wandel.de\/home\/#organization\",\"name\":\"Alle im digitalen Wandel\",\"url\":\"https:\/\/alle-im-digitalen-wandel.de\/home\/\",\"logo\":{\"@type\":\"ImageObject\",\"inLanguage\":\"de\",\"@id\":\"https:\/\/alle-im-digitalen-wandel.de\/home\/#\/schema\/logo\/image\/\",\"url\":\"https:\/\/alle-im-digitalen-wandel.de\/wp-content\/uploads\/2020\/07\/cropped-Frame21.png\",\"contentUrl\":\"https:\/\/alle-im-digitalen-wandel.de\/wp-content\/uploads\/2020\/07\/cropped-Frame21.png\",\"width\":1786,\"height\":782,\"caption\":\"Alle im digitalen Wandel\"},\"image\":{\"@id\":\"https:\/\/alle-im-digitalen-wandel.de\/home\/#\/schema\/logo\/image\/\"}}]}<\/script>\n<!-- \/ Yoast SEO plugin. -->","yoast_head_json":{"title":"Ver\u00e4nderungskommunikation - Alle im digitalen Wandel","robots":{"index":"index","follow":"follow","max-snippet":"max-snippet:-1","max-image-preview":"max-image-preview:large","max-video-preview":"max-video-preview:-1"},"canonical":"https:\/\/alle-im-digitalen-wandel.de\/home\/veraenderungskommunikation\/","og_locale":"de_DE","og_type":"article","og_title":"Ver\u00e4nderungskommunikation - Alle im digitalen Wandel","og_url":"https:\/\/alle-im-digitalen-wandel.de\/home\/veraenderungskommunikation\/","og_site_name":"Alle im digitalen Wandel","article_modified_time":"2020-02-06T10:41:09+00:00","twitter_card":"summary_large_image","schema":{"@context":"https:\/\/schema.org","@graph":[{"@type":"WebPage","@id":"https:\/\/alle-im-digitalen-wandel.de\/home\/veraenderungskommunikation\/","url":"https:\/\/alle-im-digitalen-wandel.de\/home\/veraenderungskommunikation\/","name":"Ver\u00e4nderungskommunikation - Alle im digitalen Wandel","isPartOf":{"@id":"https:\/\/alle-im-digitalen-wandel.de\/home\/#website"},"datePublished":"2020-02-06T10:21:37+00:00","dateModified":"2020-02-06T10:41:09+00:00","breadcrumb":{"@id":"https:\/\/alle-im-digitalen-wandel.de\/home\/veraenderungskommunikation\/#breadcrumb"},"inLanguage":"de","potentialAction":[{"@type":"ReadAction","target":["https:\/\/alle-im-digitalen-wandel.de\/home\/veraenderungskommunikation\/"]}]},{"@type":"BreadcrumbList","@id":"https:\/\/alle-im-digitalen-wandel.de\/home\/veraenderungskommunikation\/#breadcrumb","itemListElement":[{"@type":"ListItem","position":1,"name":"Startseite","item":"https:\/\/alle-im-digitalen-wandel.de\/home\/"},{"@type":"ListItem","position":2,"name":"Ver\u00e4nderungskommunikation"}]},{"@type":"WebSite","@id":"https:\/\/alle-im-digitalen-wandel.de\/home\/#website","url":"https:\/\/alle-im-digitalen-wandel.de\/home\/","name":"Alle im digitalen Wandel","description":"Ein Projekt der Hochschule Darmstadt","publisher":{"@id":"https:\/\/alle-im-digitalen-wandel.de\/home\/#organization"},"potentialAction":[{"@type":"SearchAction","target":{"@type":"EntryPoint","urlTemplate":"https:\/\/alle-im-digitalen-wandel.de\/home\/?s={search_term_string}"},"query-input":"required name=search_term_string"}],"inLanguage":"de"},{"@type":"Organization","@id":"https:\/\/alle-im-digitalen-wandel.de\/home\/#organization","name":"Alle im digitalen Wandel","url":"https:\/\/alle-im-digitalen-wandel.de\/home\/","logo":{"@type":"ImageObject","inLanguage":"de","@id":"https:\/\/alle-im-digitalen-wandel.de\/home\/#\/schema\/logo\/image\/","url":"https:\/\/alle-im-digitalen-wandel.de\/wp-content\/uploads\/2020\/07\/cropped-Frame21.png","contentUrl":"https:\/\/alle-im-digitalen-wandel.de\/wp-content\/uploads\/2020\/07\/cropped-Frame21.png","width":1786,"height":782,"caption":"Alle im digitalen Wandel"},"image":{"@id":"https:\/\/alle-im-digitalen-wandel.de\/home\/#\/schema\/logo\/image\/"}}]}},"_links":{"self":[{"href":"https:\/\/alle-im-digitalen-wandel.de\/home\/wp-json\/wp\/v2\/pages\/976"}],"collection":[{"href":"https:\/\/alle-im-digitalen-wandel.de\/home\/wp-json\/wp\/v2\/pages"}],"about":[{"href":"https:\/\/alle-im-digitalen-wandel.de\/home\/wp-json\/wp\/v2\/types\/page"}],"author":[{"embeddable":true,"href":"https:\/\/alle-im-digitalen-wandel.de\/home\/wp-json\/wp\/v2\/users\/1"}],"replies":[{"embeddable":true,"href":"https:\/\/alle-im-digitalen-wandel.de\/home\/wp-json\/wp\/v2\/comments?post=976"}],"version-history":[{"count":9,"href":"https:\/\/alle-im-digitalen-wandel.de\/home\/wp-json\/wp\/v2\/pages\/976\/revisions"}],"predecessor-version":[{"id":1015,"href":"https:\/\/alle-im-digitalen-wandel.de\/home\/wp-json\/wp\/v2\/pages\/976\/revisions\/1015"}],"wp:attachment":[{"href":"https:\/\/alle-im-digitalen-wandel.de\/home\/wp-json\/wp\/v2\/media?parent=976"}],"curies":[{"name":"wp","href":"https:\/\/api.w.org\/{rel}","templated":true}]}}