{"id":969,"date":"2020-02-06T11:21:27","date_gmt":"2020-02-06T10:21:27","guid":{"rendered":"https:\/\/alle-im-digitalen-wandel.de\/home\/?page_id=969"},"modified":"2021-02-24T17:20:55","modified_gmt":"2021-02-24T16:20:55","slug":"resilienz-neugier","status":"publish","type":"page","link":"https:\/\/alle-im-digitalen-wandel.de\/home\/resilienz-neugier\/","title":{"rendered":"Resilienz &#038; Neugier"},"content":{"rendered":"<div id=\"pl-969\"  class=\"panel-layout\" ><div id=\"pg-969-0\"  class=\"panel-grid panel-has-style\" ><div class=\"siteorigin-panels-stretch panel-row-style panel-row-style-for-969-0\" data-stretch-type=\"full-stretched\" ><div id=\"pgc-969-0-0\"  class=\"panel-grid-cell\" ><div id=\"panel-969-0-0-0\" class=\"so-panel widget widget_lsow-hero-image panel-first-child panel-last-child\" data-index=\"0\" ><div\n\t\t\t\n\t\t\tclass=\"so-widget-lsow-hero-image so-widget-lsow-hero-image-default-b69fc66c3e26-969\"\n\t\t\t\n\t\t>\n\n<div class=\"lsow-hero-header lsow-section-bg-parallax\" >\n\n    <div class=\"lsow-background\">\n\n        \n            \n            \n                \n                    <div class=\"lsow-parallax-bg\"\n                         style=\"background-image: url(https:\/\/alle-im-digitalen-wandel.de\/wp-content\/uploads\/2020\/02\/photo-1523875194681-bedd468c58bf.jpeg);\"><\/div>\n\n                \n            \n        \n    <\/div><!-- .lsow-background -->\n\n    \n        <div class=\"lsow-overlay\" style=\"background-color: rgba(51, 51, 51, 0.3);\"><\/div>\n\n    \n    <div class=\"lsow-header-content\">\n\n        \n            <div class=\"lsow-standard-header\">\n\n                \n                <h3 class=\"lsow-heading\">Resilienz &amp; Neugier<\/h3>\n                \n            <\/div>\n\n        \n\n    <\/div>\n\n    \n<\/div><\/div><\/div><\/div><\/div><\/div><div id=\"pg-969-1\"  class=\"panel-grid panel-no-style\" ><div id=\"pgc-969-1-0\"  class=\"panel-grid-cell\" ><div id=\"panel-969-1-0-0\" class=\"so-panel widget widget_lsow-portfolio panel-first-child panel-last-child\" data-index=\"1\" ><div\n\t\t\t\n\t\t\tclass=\"so-widget-lsow-portfolio so-widget-lsow-portfolio-default-2c12ee61c629-969\"\n\t\t\t\n\t\t><div class=\"lsow-portfolio-wrap lsow-gapless-grid\"><div id=\"lsow-portfolio-69ef677981831\" class=\"lsow-portfolio js-isotope lsow-fitRows lsow-grid-container  lsow-grid-desktop-2 lsow-grid-tablet-2 lsow-grid-mobile-1\" data-isotope-options='{ \"itemSelector\": \".lsow-portfolio-item\", \"layoutMode\": \"fitRows\"}'><div data-id=\"id-1469\" class=\"lsow-grid-item lsow-portfolio-item  term-1 term-48 term-7 term-8\"><article id=\"post-1469\" class=\"post-1469 post type-post status-publish format-standard has-post-thumbnail hentry category-allgemein category-lesetipps category-neugier category-resilienz\"><div class=\"lsow-project-image\"><a href=\"https:\/\/alle-im-digitalen-wandel.de\/home\/playbook-resilienz-neugier\/\" target=\"_self\"><img width=\"1024\" height=\"685\" src=\"https:\/\/alle-im-digitalen-wandel.de\/wp-content\/uploads\/2022\/09\/Playbook2_A4_Visu_01c-1024x685.png\" class=\"lsow-image skip-lazy no-lazyload exclude-me a3-notlazy wp-post-image\" alt=\"\" decoding=\"async\" loading=\"eager\" data-no-lazy=\"1\" srcset=\"https:\/\/alle-im-digitalen-wandel.de\/wp-content\/uploads\/2022\/09\/Playbook2_A4_Visu_01c-1024x685.png 1024w, https:\/\/alle-im-digitalen-wandel.de\/wp-content\/uploads\/2022\/09\/Playbook2_A4_Visu_01c-300x201.png 300w, https:\/\/alle-im-digitalen-wandel.de\/wp-content\/uploads\/2022\/09\/Playbook2_A4_Visu_01c-768x514.png 768w, https:\/\/alle-im-digitalen-wandel.de\/wp-content\/uploads\/2022\/09\/Playbook2_A4_Visu_01c-1536x1028.png 1536w, https:\/\/alle-im-digitalen-wandel.de\/wp-content\/uploads\/2022\/09\/Playbook2_A4_Visu_01c-2048x1371.png 2048w, https:\/\/alle-im-digitalen-wandel.de\/wp-content\/uploads\/2022\/09\/Playbook2_A4_Visu_01c-272x182.png 272w\" sizes=\"(max-width: 1024px) 100vw, 1024px\" \/><\/a><div class=\"lsow-image-info\"><div class=\"lsow-entry-info\"><h3 class=\"lsow-post-title\"><a href=\"https:\/\/alle-im-digitalen-wandel.de\/home\/playbook-resilienz-neugier\/\" title=\"Playbook Resilienz &#038; Neugier\" target=\"_self\" rel=\"bookmark\">Playbook Resilienz &#038; Neugier<\/a><\/h3><\/div><\/div><!-- .lsow-image-info --><\/div><div class=\"lsow-entry-text-wrap \"><h3 class=\"entry-title\"><a href=\"https:\/\/alle-im-digitalen-wandel.de\/home\/playbook-resilienz-neugier\/\" title=\"Playbook Resilienz &#038; Neugier\" target=\"_self\" rel=\"bookmark\">Playbook Resilienz &#038; Neugier<\/a><\/h3><div class=\"lsow-entry-meta\"><span class=\"author vcard\">By <a class=\"url fn n\" href=\"https:\/\/alle-im-digitalen-wandel.de\/home\/author\/admin\/\" title=\"admin\">admin<\/a><\/span><span class=\"published\"><abbr title=\"Dienstag, September, 2022, 3:42 p.m.\">13. September 2022<\/abbr><\/span><\/div><div class=\"entry-summary\">Hier k\u00f6nnen Sie das Playbook Resilienz und Neugier \u2013 15 Rezeptideen f\u00fcr eine gesunde Unternehmensentwicklung im 21. Jahrhundert herunterladen.<\/div><\/div><\/article><!-- .hentry --><\/div><div data-id=\"id-1450\" class=\"lsow-grid-item lsow-portfolio-item  term-1 term-7 term-8\"><article id=\"post-1450\" class=\"post-1450 post type-post status-publish format-standard has-post-thumbnail hentry category-allgemein category-neugier category-resilienz tag-resilienz\"><div class=\"lsow-project-image\"><a href=\"https:\/\/alle-im-digitalen-wandel.de\/home\/resilienz-training\/\" target=\"_self\"><img width=\"1024\" height=\"633\" src=\"https:\/\/alle-im-digitalen-wandel.de\/wp-content\/uploads\/2022\/09\/Resilienz-Training-1024x633.png\" class=\"lsow-image skip-lazy no-lazyload exclude-me a3-notlazy wp-post-image\" alt=\"\" decoding=\"async\" loading=\"eager\" data-no-lazy=\"1\" srcset=\"https:\/\/alle-im-digitalen-wandel.de\/wp-content\/uploads\/2022\/09\/Resilienz-Training-1024x633.png 1024w, https:\/\/alle-im-digitalen-wandel.de\/wp-content\/uploads\/2022\/09\/Resilienz-Training-300x186.png 300w, https:\/\/alle-im-digitalen-wandel.de\/wp-content\/uploads\/2022\/09\/Resilienz-Training-768x475.png 768w, https:\/\/alle-im-digitalen-wandel.de\/wp-content\/uploads\/2022\/09\/Resilienz-Training-1536x950.png 1536w, https:\/\/alle-im-digitalen-wandel.de\/wp-content\/uploads\/2022\/09\/Resilienz-Training.png 1720w\" sizes=\"(max-width: 1024px) 100vw, 1024px\" \/><\/a><div class=\"lsow-image-info\"><div class=\"lsow-entry-info\"><h3 class=\"lsow-post-title\"><a href=\"https:\/\/alle-im-digitalen-wandel.de\/home\/resilienz-training\/\" title=\"Resilienz-Training\" target=\"_self\" rel=\"bookmark\">Resilienz-Training<\/a><\/h3><\/div><\/div><!-- .lsow-image-info --><\/div><div class=\"lsow-entry-text-wrap \"><h3 class=\"entry-title\"><a href=\"https:\/\/alle-im-digitalen-wandel.de\/home\/resilienz-training\/\" title=\"Resilienz-Training\" target=\"_self\" rel=\"bookmark\">Resilienz-Training<\/a><\/h3><div class=\"lsow-entry-meta\"><span class=\"author vcard\">By <a class=\"url fn n\" href=\"https:\/\/alle-im-digitalen-wandel.de\/home\/author\/maximilian-grund\/\" title=\"Maximilian Grund\">Maximilian Grund<\/a><\/span><span class=\"published\"><abbr title=\"Dienstag, September, 2022, 3:32 p.m.\">13. September 2022<\/abbr><\/span><\/div><div class=\"entry-summary\">In folgender Gliederung werden Sie durch das Resilienz Training geleitet. Helmut Aatz erkl\u00e4rt Ihnen Schritt f\u00fcr Schritt, welche Vorteile Resilienz in Ihrem Leben haben wird. Die Videos leiten Sie hierbei mit verschiedenen Impulsen durch den Kurs. Durch angeleitete Achtsamkeits\u00fcbungen k\u00f6nnen Sie direkt in die Umsetzung gehen. Um noch mehr in<\/div><\/div><\/article><!-- .hentry --><\/div><div data-id=\"id-1290\" class=\"lsow-grid-item lsow-portfolio-item  term-45 term-8\"><article id=\"post-1290\" class=\"post-1290 post type-post status-publish format-standard has-post-thumbnail hentry category-aktuelles category-resilienz tag-organisationelle-resilienz tag-resilienz\"><div class=\"lsow-project-image\"><a href=\"https:\/\/alle-im-digitalen-wandel.de\/home\/was-foerdert-resilienz-ein-kleiner-praxischeck\/\" target=\"_self\"><img width=\"728\" height=\"979\" src=\"https:\/\/alle-im-digitalen-wandel.de\/wp-content\/uploads\/2021\/05\/resilienz_202105.jpg\" class=\"lsow-image skip-lazy no-lazyload exclude-me a3-notlazy wp-post-image\" alt=\"\" decoding=\"async\" loading=\"eager\" data-no-lazy=\"1\" srcset=\"https:\/\/alle-im-digitalen-wandel.de\/wp-content\/uploads\/2021\/05\/resilienz_202105.jpg 728w, https:\/\/alle-im-digitalen-wandel.de\/wp-content\/uploads\/2021\/05\/resilienz_202105-223x300.jpg 223w\" sizes=\"(max-width: 728px) 100vw, 728px\" \/><\/a><div class=\"lsow-image-info\"><div class=\"lsow-entry-info\"><h3 class=\"lsow-post-title\"><a href=\"https:\/\/alle-im-digitalen-wandel.de\/home\/was-foerdert-resilienz-ein-kleiner-praxischeck\/\" title=\"Was f\u00f6rdert Resilienz? Ein kleiner Praxischeck\" target=\"_self\" rel=\"bookmark\">Was f\u00f6rdert Resilienz? Ein kleiner Praxischeck<\/a><\/h3><\/div><\/div><!-- .lsow-image-info --><\/div><div class=\"lsow-entry-text-wrap \"><h3 class=\"entry-title\"><a href=\"https:\/\/alle-im-digitalen-wandel.de\/home\/was-foerdert-resilienz-ein-kleiner-praxischeck\/\" title=\"Was f\u00f6rdert Resilienz? Ein kleiner Praxischeck\" target=\"_self\" rel=\"bookmark\">Was f\u00f6rdert Resilienz? Ein kleiner Praxischeck<\/a><\/h3><div class=\"lsow-entry-meta\"><span class=\"author vcard\">By <a class=\"url fn n\" href=\"https:\/\/alle-im-digitalen-wandel.de\/home\/author\/jochen-robes\/\" title=\"Jochen Robes\">Jochen Robes<\/a><\/span><span class=\"published\"><abbr title=\"Freitag, Mai, 2021, 11:48 a.m.\">7. Mai 2021<\/abbr><\/span><\/div><div class=\"entry-summary\">Dieburg, 07.05.2021 (jr) In der aktuellen Ausgabe der &#8222;Wirtschaftsdialoge&#8220;, des Mitgliedermagazins der Industrie- und Handelskammer Darmstadt Rhein Main Neckar, bildet &#8222;Corona&#8220; den Schwerpunkt. Im Vordergrund steht dabei die organisationale Resilienz und wie sie Unternehmen und ihren Mitarbeitenden hilft, in dieser wie in zuk\u00fcnftigen Krisen zu bestehen. In den Einf\u00fchrungsbeitrag (&#8222;Resilienz:<\/div><\/div><\/article><!-- .hentry --><\/div><div data-id=\"id-1200\" class=\"lsow-grid-item lsow-portfolio-item  term-45 term-1 term-11 term-8\"><article id=\"post-1200\" class=\"post-1200 post type-post status-publish format-standard has-post-thumbnail hentry category-aktuelles category-allgemein category-events category-resilienz tag-agilitaet tag-betriebswirtschaftslehre tag-flexibilitaet tag-krise tag-organisationelle-resilienz tag-resilienz tag-unternehmen\"><div class=\"lsow-project-image\"><a href=\"https:\/\/alle-im-digitalen-wandel.de\/home\/krisen-sollte-man-nutzen-die-bedeutung-der-organisationalen-resilienz\/\" target=\"_self\"><img width=\"900\" height=\"467\" src=\"https:\/\/alle-im-digitalen-wandel.de\/wp-content\/uploads\/2020\/10\/photo-1516472944114-b81af6986ded.jpeg\" class=\"lsow-image skip-lazy no-lazyload exclude-me a3-notlazy wp-post-image\" alt=\"\" decoding=\"async\" loading=\"eager\" data-no-lazy=\"1\" srcset=\"https:\/\/alle-im-digitalen-wandel.de\/wp-content\/uploads\/2020\/10\/photo-1516472944114-b81af6986ded.jpeg 900w, https:\/\/alle-im-digitalen-wandel.de\/wp-content\/uploads\/2020\/10\/photo-1516472944114-b81af6986ded-300x156.jpeg 300w, https:\/\/alle-im-digitalen-wandel.de\/wp-content\/uploads\/2020\/10\/photo-1516472944114-b81af6986ded-768x399.jpeg 768w\" sizes=\"(max-width: 900px) 100vw, 900px\" \/><\/a><div class=\"lsow-image-info\"><div class=\"lsow-entry-info\"><h3 class=\"lsow-post-title\"><a href=\"https:\/\/alle-im-digitalen-wandel.de\/home\/krisen-sollte-man-nutzen-die-bedeutung-der-organisationalen-resilienz\/\" title=\"Krisen sollte man nutzen! \u2013 Die Bedeutung der organisationalen Resilienz\" target=\"_self\" rel=\"bookmark\">Krisen sollte man nutzen! \u2013 Die Bedeutung der organisationalen Resilienz<\/a><\/h3><\/div><\/div><!-- .lsow-image-info --><\/div><div class=\"lsow-entry-text-wrap \"><h3 class=\"entry-title\"><a href=\"https:\/\/alle-im-digitalen-wandel.de\/home\/krisen-sollte-man-nutzen-die-bedeutung-der-organisationalen-resilienz\/\" title=\"Krisen sollte man nutzen! \u2013 Die Bedeutung der organisationalen Resilienz\" target=\"_self\" rel=\"bookmark\">Krisen sollte man nutzen! \u2013 Die Bedeutung der organisationalen Resilienz<\/a><\/h3><div class=\"lsow-entry-meta\"><span class=\"author vcard\">By <a class=\"url fn n\" href=\"https:\/\/alle-im-digitalen-wandel.de\/home\/author\/hannah-schuerr\/\" title=\"Hannah Sch\u00fcrr\">Hannah Sch\u00fcrr<\/a><\/span><span class=\"published\"><abbr title=\"Dienstag, Oktober, 2020, 7:17 p.m.\">20. Oktober 2020<\/abbr><\/span><\/div><div class=\"entry-summary\">Krisen sollte man nutzen! \u2013 Die Bedeutung der organisationalen Resilienz Der Begriff &#8222;Resilienz&#8220; stammt urspr\u00fcnglich aus der Werkstoffkunde und beschreibt die Eigenschaft eines Stoffes, sich nach einer Verformung durch \u00e4u\u00dfere Einwirkung wieder in seinen Ursprungszustand zur\u00fcck zu bilden. Die Ingenieurswissenschaften sprechen von resilienten Anlagen, wenn es eingebaute Redundanzen und zus\u00e4tzliche<\/div><\/div><\/article><!-- .hentry --><\/div><div data-id=\"id-1208\" class=\"lsow-grid-item lsow-portfolio-item  term-45 term-1 term-11 term-8\"><article id=\"post-1208\" class=\"post-1208 post type-post status-publish format-standard has-post-thumbnail hentry category-aktuelles category-allgemein category-events category-resilienz\"><div class=\"lsow-project-image\"><a href=\"https:\/\/alle-im-digitalen-wandel.de\/home\/seminar-reihe-zur-organisationalen-resilienz-startet-am-27-10-2020\/\" target=\"_self\"><img width=\"650\" height=\"325\" src=\"https:\/\/alle-im-digitalen-wandel.de\/wp-content\/uploads\/2020\/10\/260fa685-99a6-4e94-9e1f-f1d9cb1fbcb0.png\" class=\"lsow-image skip-lazy no-lazyload exclude-me a3-notlazy wp-post-image\" alt=\"\" decoding=\"async\" loading=\"eager\" data-no-lazy=\"1\" srcset=\"https:\/\/alle-im-digitalen-wandel.de\/wp-content\/uploads\/2020\/10\/260fa685-99a6-4e94-9e1f-f1d9cb1fbcb0.png 650w, https:\/\/alle-im-digitalen-wandel.de\/wp-content\/uploads\/2020\/10\/260fa685-99a6-4e94-9e1f-f1d9cb1fbcb0-300x150.png 300w\" sizes=\"(max-width: 650px) 100vw, 650px\" \/><\/a><div class=\"lsow-image-info\"><div class=\"lsow-entry-info\"><h3 class=\"lsow-post-title\"><a href=\"https:\/\/alle-im-digitalen-wandel.de\/home\/seminar-reihe-zur-organisationalen-resilienz-startet-am-27-10-2020\/\" title=\"Seminar-Reihe zur Organisationalen Resilienz startet am 27.10.2020\" target=\"_self\" rel=\"bookmark\">Seminar-Reihe zur Organisationalen Resilienz startet am 27.10.2020<\/a><\/h3><\/div><\/div><!-- .lsow-image-info --><\/div><div class=\"lsow-entry-text-wrap \"><h3 class=\"entry-title\"><a href=\"https:\/\/alle-im-digitalen-wandel.de\/home\/seminar-reihe-zur-organisationalen-resilienz-startet-am-27-10-2020\/\" title=\"Seminar-Reihe zur Organisationalen Resilienz startet am 27.10.2020\" target=\"_self\" rel=\"bookmark\">Seminar-Reihe zur Organisationalen Resilienz startet am 27.10.2020<\/a><\/h3><div class=\"lsow-entry-meta\"><span class=\"author vcard\">By <a class=\"url fn n\" href=\"https:\/\/alle-im-digitalen-wandel.de\/home\/author\/hannah-schuerr\/\" title=\"Hannah Sch\u00fcrr\">Hannah Sch\u00fcrr<\/a><\/span><span class=\"published\"><abbr title=\"Dienstag, Oktober, 2020, 7:08 p.m.\">20. Oktober 2020<\/abbr><\/span><\/div><div class=\"entry-summary\">Seminar-Reihe zur Organisationalen Resilienz startet am 27.10.2020 Was verbirgt sich hinter dem Begriff \u201eOrganisationale Resilienz\u201c? K\u00f6nnen Unternehmen widerstandsf\u00e4higer gegen\u00fcber den Herausforderungen einer zunehmend komplexen, volatilen und digitalisierten Umwelt werden? Worauf ist zu achten und wie steigert man die \u201eWiderstandsf\u00e4higkeit\u201c ganzer Belegschaften? Diesen und vielen weiteren Fragen gehen der INQA Fachkreis<\/div><\/div><\/article><!-- .hentry --><\/div><div data-id=\"id-108\" class=\"lsow-grid-item lsow-portfolio-item  term-45 term-1 term-10 term-8\"><article id=\"post-108\" class=\"post-108 post type-post status-publish format-standard has-post-thumbnail hentry category-aktuelles category-allgemein category-lebenslanges-lernen category-resilienz tag-digitalisierung tag-resilienz tag-tools tag-weiterbildungsstrategie tag-working-out-loud\"><div class=\"lsow-project-image\"><a href=\"https:\/\/alle-im-digitalen-wandel.de\/home\/fundstuecke-juli-2019\/\" target=\"_self\"><img width=\"1024\" height=\"576\" src=\"https:\/\/alle-im-digitalen-wandel.de\/wp-content\/uploads\/2019\/09\/austin-distel-rxpThOwuVgE-unsplash-1024x576.jpg\" class=\"lsow-image skip-lazy no-lazyload exclude-me a3-notlazy wp-post-image\" alt=\"\" decoding=\"async\" loading=\"eager\" data-no-lazy=\"1\" srcset=\"https:\/\/alle-im-digitalen-wandel.de\/wp-content\/uploads\/2019\/09\/austin-distel-rxpThOwuVgE-unsplash-1024x576.jpg 1024w, https:\/\/alle-im-digitalen-wandel.de\/wp-content\/uploads\/2019\/09\/austin-distel-rxpThOwuVgE-unsplash-300x169.jpg 300w, https:\/\/alle-im-digitalen-wandel.de\/wp-content\/uploads\/2019\/09\/austin-distel-rxpThOwuVgE-unsplash-768x432.jpg 768w\" sizes=\"(max-width: 1024px) 100vw, 1024px\" \/><\/a><div class=\"lsow-image-info\"><div class=\"lsow-entry-info\"><h3 class=\"lsow-post-title\"><a href=\"https:\/\/alle-im-digitalen-wandel.de\/home\/fundstuecke-juli-2019\/\" title=\"Fundst\u00fccke, Juli 2019\" target=\"_self\" rel=\"bookmark\">Fundst\u00fccke, Juli 2019<\/a><\/h3><\/div><\/div><!-- .lsow-image-info --><\/div><div class=\"lsow-entry-text-wrap \"><h3 class=\"entry-title\"><a href=\"https:\/\/alle-im-digitalen-wandel.de\/home\/fundstuecke-juli-2019\/\" title=\"Fundst\u00fccke, Juli 2019\" target=\"_self\" rel=\"bookmark\">Fundst\u00fccke, Juli 2019<\/a><\/h3><div class=\"lsow-entry-meta\"><span class=\"author vcard\">By <a class=\"url fn n\" href=\"https:\/\/alle-im-digitalen-wandel.de\/home\/author\/admin\/\" title=\"admin\">admin<\/a><\/span><span class=\"published\"><abbr title=\"Montag, Juli, 2019, 5:53 p.m.\">15. Juli 2019<\/abbr><\/span><\/div><div class=\"entry-summary\">Nationale Weiterbildungsstrategie. Hrsg. von Bundesministerium f\u00fcr Arbeit und Soziales (BMAS) und Bundesministerium f\u00fcr Bildung und Forschung (BMBF), Juni 2019 (23 S.) \nZehn Handlungsziele werden formuliert und mit konkreten Ma\u00dfnahmen verbunden. Im Zentrum steht der Ruf nach einer neuen Weiterbildungskultur in Deutschland, \u201edie Weiterbildung als selbstverst\u00e4ndlichen Teil des Lebens versteht\u201c.<\/div><\/div><\/article><!-- .hentry --><\/div><\/div><!-- .lsow-portfolio --><\/div><!-- .lsow-portfolio-wrap --><\/div><\/div><\/div><\/div><\/div>","protected":false},"excerpt":{"rendered":"","protected":false},"author":1,"featured_media":0,"parent":0,"menu_order":0,"comment_status":"closed","ping_status":"closed","template":"","meta":{"_themeisle_gutenberg_block_has_review":false},"yoast_head":"<!-- This site is optimized with the Yoast SEO plugin v19.11 - https:\/\/yoast.com\/wordpress\/plugins\/seo\/ -->\n<title>Resilienz &amp; Neugier - Alle im digitalen Wandel<\/title>\n<meta name=\"robots\" content=\"index, follow, max-snippet:-1, max-image-preview:large, max-video-preview:-1\" \/>\n<link rel=\"canonical\" href=\"https:\/\/alle-im-digitalen-wandel.de\/home\/resilienz-neugier\/\" \/>\n<meta property=\"og:locale\" content=\"de_DE\" \/>\n<meta property=\"og:type\" content=\"article\" \/>\n<meta property=\"og:title\" content=\"Resilienz &amp; Neugier - Alle im digitalen Wandel\" \/>\n<meta property=\"og:url\" content=\"https:\/\/alle-im-digitalen-wandel.de\/home\/resilienz-neugier\/\" \/>\n<meta property=\"og:site_name\" content=\"Alle im digitalen Wandel\" \/>\n<meta property=\"article:modified_time\" content=\"2021-02-24T16:20:55+00:00\" \/>\n<meta name=\"twitter:card\" content=\"summary_large_image\" \/>\n<script type=\"application\/ld+json\" class=\"yoast-schema-graph\">{\"@context\":\"https:\/\/schema.org\",\"@graph\":[{\"@type\":\"WebPage\",\"@id\":\"https:\/\/alle-im-digitalen-wandel.de\/home\/resilienz-neugier\/\",\"url\":\"https:\/\/alle-im-digitalen-wandel.de\/home\/resilienz-neugier\/\",\"name\":\"Resilienz & Neugier - Alle im digitalen Wandel\",\"isPartOf\":{\"@id\":\"https:\/\/alle-im-digitalen-wandel.de\/home\/#website\"},\"datePublished\":\"2020-02-06T10:21:27+00:00\",\"dateModified\":\"2021-02-24T16:20:55+00:00\",\"breadcrumb\":{\"@id\":\"https:\/\/alle-im-digitalen-wandel.de\/home\/resilienz-neugier\/#breadcrumb\"},\"inLanguage\":\"de\",\"potentialAction\":[{\"@type\":\"ReadAction\",\"target\":[\"https:\/\/alle-im-digitalen-wandel.de\/home\/resilienz-neugier\/\"]}]},{\"@type\":\"BreadcrumbList\",\"@id\":\"https:\/\/alle-im-digitalen-wandel.de\/home\/resilienz-neugier\/#breadcrumb\",\"itemListElement\":[{\"@type\":\"ListItem\",\"position\":1,\"name\":\"Startseite\",\"item\":\"https:\/\/alle-im-digitalen-wandel.de\/home\/\"},{\"@type\":\"ListItem\",\"position\":2,\"name\":\"Resilienz &#038; Neugier\"}]},{\"@type\":\"WebSite\",\"@id\":\"https:\/\/alle-im-digitalen-wandel.de\/home\/#website\",\"url\":\"https:\/\/alle-im-digitalen-wandel.de\/home\/\",\"name\":\"Alle im digitalen Wandel\",\"description\":\"Ein Projekt der Hochschule Darmstadt\",\"publisher\":{\"@id\":\"https:\/\/alle-im-digitalen-wandel.de\/home\/#organization\"},\"potentialAction\":[{\"@type\":\"SearchAction\",\"target\":{\"@type\":\"EntryPoint\",\"urlTemplate\":\"https:\/\/alle-im-digitalen-wandel.de\/home\/?s={search_term_string}\"},\"query-input\":\"required name=search_term_string\"}],\"inLanguage\":\"de\"},{\"@type\":\"Organization\",\"@id\":\"https:\/\/alle-im-digitalen-wandel.de\/home\/#organization\",\"name\":\"Alle im digitalen Wandel\",\"url\":\"https:\/\/alle-im-digitalen-wandel.de\/home\/\",\"logo\":{\"@type\":\"ImageObject\",\"inLanguage\":\"de\",\"@id\":\"https:\/\/alle-im-digitalen-wandel.de\/home\/#\/schema\/logo\/image\/\",\"url\":\"https:\/\/alle-im-digitalen-wandel.de\/wp-content\/uploads\/2020\/07\/cropped-Frame21.png\",\"contentUrl\":\"https:\/\/alle-im-digitalen-wandel.de\/wp-content\/uploads\/2020\/07\/cropped-Frame21.png\",\"width\":1786,\"height\":782,\"caption\":\"Alle im digitalen Wandel\"},\"image\":{\"@id\":\"https:\/\/alle-im-digitalen-wandel.de\/home\/#\/schema\/logo\/image\/\"}}]}<\/script>\n<!-- \/ Yoast SEO plugin. -->","yoast_head_json":{"title":"Resilienz & Neugier - Alle im digitalen Wandel","robots":{"index":"index","follow":"follow","max-snippet":"max-snippet:-1","max-image-preview":"max-image-preview:large","max-video-preview":"max-video-preview:-1"},"canonical":"https:\/\/alle-im-digitalen-wandel.de\/home\/resilienz-neugier\/","og_locale":"de_DE","og_type":"article","og_title":"Resilienz & Neugier - Alle im digitalen Wandel","og_url":"https:\/\/alle-im-digitalen-wandel.de\/home\/resilienz-neugier\/","og_site_name":"Alle im digitalen Wandel","article_modified_time":"2021-02-24T16:20:55+00:00","twitter_card":"summary_large_image","schema":{"@context":"https:\/\/schema.org","@graph":[{"@type":"WebPage","@id":"https:\/\/alle-im-digitalen-wandel.de\/home\/resilienz-neugier\/","url":"https:\/\/alle-im-digitalen-wandel.de\/home\/resilienz-neugier\/","name":"Resilienz & Neugier - Alle im digitalen Wandel","isPartOf":{"@id":"https:\/\/alle-im-digitalen-wandel.de\/home\/#website"},"datePublished":"2020-02-06T10:21:27+00:00","dateModified":"2021-02-24T16:20:55+00:00","breadcrumb":{"@id":"https:\/\/alle-im-digitalen-wandel.de\/home\/resilienz-neugier\/#breadcrumb"},"inLanguage":"de","potentialAction":[{"@type":"ReadAction","target":["https:\/\/alle-im-digitalen-wandel.de\/home\/resilienz-neugier\/"]}]},{"@type":"BreadcrumbList","@id":"https:\/\/alle-im-digitalen-wandel.de\/home\/resilienz-neugier\/#breadcrumb","itemListElement":[{"@type":"ListItem","position":1,"name":"Startseite","item":"https:\/\/alle-im-digitalen-wandel.de\/home\/"},{"@type":"ListItem","position":2,"name":"Resilienz &#038; Neugier"}]},{"@type":"WebSite","@id":"https:\/\/alle-im-digitalen-wandel.de\/home\/#website","url":"https:\/\/alle-im-digitalen-wandel.de\/home\/","name":"Alle im digitalen Wandel","description":"Ein Projekt der Hochschule Darmstadt","publisher":{"@id":"https:\/\/alle-im-digitalen-wandel.de\/home\/#organization"},"potentialAction":[{"@type":"SearchAction","target":{"@type":"EntryPoint","urlTemplate":"https:\/\/alle-im-digitalen-wandel.de\/home\/?s={search_term_string}"},"query-input":"required name=search_term_string"}],"inLanguage":"de"},{"@type":"Organization","@id":"https:\/\/alle-im-digitalen-wandel.de\/home\/#organization","name":"Alle im digitalen Wandel","url":"https:\/\/alle-im-digitalen-wandel.de\/home\/","logo":{"@type":"ImageObject","inLanguage":"de","@id":"https:\/\/alle-im-digitalen-wandel.de\/home\/#\/schema\/logo\/image\/","url":"https:\/\/alle-im-digitalen-wandel.de\/wp-content\/uploads\/2020\/07\/cropped-Frame21.png","contentUrl":"https:\/\/alle-im-digitalen-wandel.de\/wp-content\/uploads\/2020\/07\/cropped-Frame21.png","width":1786,"height":782,"caption":"Alle im digitalen Wandel"},"image":{"@id":"https:\/\/alle-im-digitalen-wandel.de\/home\/#\/schema\/logo\/image\/"}}]}},"_links":{"self":[{"href":"https:\/\/alle-im-digitalen-wandel.de\/home\/wp-json\/wp\/v2\/pages\/969"}],"collection":[{"href":"https:\/\/alle-im-digitalen-wandel.de\/home\/wp-json\/wp\/v2\/pages"}],"about":[{"href":"https:\/\/alle-im-digitalen-wandel.de\/home\/wp-json\/wp\/v2\/types\/page"}],"author":[{"embeddable":true,"href":"https:\/\/alle-im-digitalen-wandel.de\/home\/wp-json\/wp\/v2\/users\/1"}],"replies":[{"embeddable":true,"href":"https:\/\/alle-im-digitalen-wandel.de\/home\/wp-json\/wp\/v2\/comments?post=969"}],"version-history":[{"count":16,"href":"https:\/\/alle-im-digitalen-wandel.de\/home\/wp-json\/wp\/v2\/pages\/969\/revisions"}],"predecessor-version":[{"id":1250,"href":"https:\/\/alle-im-digitalen-wandel.de\/home\/wp-json\/wp\/v2\/pages\/969\/revisions\/1250"}],"wp:attachment":[{"href":"https:\/\/alle-im-digitalen-wandel.de\/home\/wp-json\/wp\/v2\/media?parent=969"}],"curies":[{"name":"wp","href":"https:\/\/api.w.org\/{rel}","templated":true}]}}