{"id":21,"date":"2019-09-06T12:55:56","date_gmt":"2019-09-06T10:55:56","guid":{"rendered":"http:\/\/alle-im-digitalen-wandel.de\/wordpress\/?page_id=21"},"modified":"2020-11-09T17:42:23","modified_gmt":"2020-11-09T16:42:23","slug":"blog","status":"publish","type":"page","link":"https:\/\/alle-im-digitalen-wandel.de\/home\/blog\/","title":{"rendered":"Aktuelles"},"content":{"rendered":"<div id=\"pl-gb21-69ef67361572e\"  class=\"panel-layout\" ><div id=\"pg-gb21-69ef67361572e-0\"  class=\"panel-grid panel-has-style\" ><div class=\"siteorigin-panels-stretch panel-row-style panel-row-style-for-gb21-69ef67361572e-0\" data-stretch-type=\"full-stretched\" ><div id=\"pgc-gb21-69ef67361572e-0-0\"  class=\"panel-grid-cell\" ><div id=\"panel-gb21-69ef67361572e-0-0-0\" class=\"so-panel widget widget_lsow-hero-image panel-first-child panel-last-child\" data-index=\"0\" ><div\n\t\t\t\n\t\t\tclass=\"so-widget-lsow-hero-image so-widget-lsow-hero-image-default-4461fa617e0c-21\"\n\t\t\t\n\t\t>\n\n<div class=\"lsow-hero-header lsow-section-bg-parallax\" >\n\n    <div class=\"lsow-background\">\n\n        \n            \n            \n                \n                    <div class=\"lsow-parallax-bg\"\n                         style=\"background-image: url(https:\/\/alle-im-digitalen-wandel.de\/wp-content\/uploads\/2020\/02\/marvin-meyer-SYTO3xs06fU-unsplash-scaled.jpg);\"><\/div>\n\n                \n            \n        \n    <\/div><!-- .lsow-background -->\n\n    \n        <div class=\"lsow-overlay\" style=\"background-color: rgba(51, 51, 51, 0.3);\"><\/div>\n\n    \n    <div class=\"lsow-header-content\">\n\n        \n            <div class=\"lsow-standard-header\">\n\n                \n                <h3 class=\"lsow-heading\">Aktuelles<\/h3>\n                \n            <\/div>\n\n        \n\n    <\/div>\n\n    \n<\/div><\/div><\/div><\/div><\/div><\/div><div id=\"pg-gb21-69ef67361572e-1\"  class=\"panel-grid panel-no-style\" ><div id=\"pgc-gb21-69ef67361572e-1-0\"  class=\"panel-grid-cell\" ><div id=\"panel-gb21-69ef67361572e-1-0-0\" class=\"so-panel widget widget_lsow-portfolio panel-first-child panel-last-child\" data-index=\"1\" ><div\n\t\t\t\n\t\t\tclass=\"so-widget-lsow-portfolio so-widget-lsow-portfolio-default-2c12ee61c629-21\"\n\t\t\t\n\t\t><div class=\"lsow-portfolio-wrap lsow-gapless-grid\"><div class=\"lsow-portfolio-header  lsow-no-heading\"><div class=\"lsow-taxonomy-filter\"><div class=\"lsow-filter-item segment-0 lsow-active\"><a data-value=\"*\" href=\"#\">All<\/a><\/div><div class=\"lsow-filter-item segment-1\"><a href=\"#\" data-value=\".term-11\" title=\"View all items filed under Events\">Events<\/a><\/div><div class=\"lsow-filter-item segment-2\"><a href=\"#\" data-value=\".term-63\" title=\"View all items filed under Experimentierr\u00e4ume\">Experimentierr\u00e4ume<\/a><\/div><div class=\"lsow-filter-item segment-3\"><a href=\"#\" data-value=\".term-7\" title=\"View all items filed under Neugier\">Neugier<\/a><\/div><div class=\"lsow-filter-item segment-4\"><a href=\"#\" data-value=\".term-0\" title=\"View all items filed under \"><\/a><\/div><div class=\"lsow-filter-item segment-5\"><a href=\"#\" data-value=\".term-70\" title=\"View all items filed under Projektpartner\">Projektpartner<\/a><\/div><div class=\"lsow-filter-item segment-6\"><a href=\"#\" data-value=\".term-62\" title=\"View all items filed under Podcast\">Podcast<\/a><\/div><div class=\"lsow-filter-item segment-7\"><a href=\"#\" data-value=\".term-0\" title=\"View all items filed under \"><\/a><\/div><div class=\"lsow-filter-item segment-8\"><a href=\"#\" data-value=\".term-48\" title=\"View all items filed under Lesetipps\">Lesetipps<\/a><\/div><div class=\"lsow-filter-item segment-9\"><a href=\"#\" data-value=\".term-62\" title=\"View all items filed under Podcast\">Podcast<\/a><\/div><\/div><\/div><div id=\"lsow-portfolio-69ef67361b22d\" class=\"lsow-portfolio js-isotope lsow-masonry lsow-grid-container  lsow-grid-desktop-2 lsow-grid-tablet-2 lsow-grid-mobile-1\" data-isotope-options='{ \"itemSelector\": \".lsow-portfolio-item\", \"layoutMode\": \"masonry\"}'><div data-id=\"id-1480\" class=\"lsow-grid-item lsow-portfolio-item  term-45 term-1 term-48 term-6\"><article id=\"post-1480\" class=\"post-1480 post type-post status-publish format-standard has-post-thumbnail hentry category-aktuelles category-allgemein category-lesetipps category-veraenderungskommunikation\"><div class=\"lsow-project-image\"><a href=\"https:\/\/alle-im-digitalen-wandel.de\/home\/playbook-veraenderungskommunikation\/\" target=\"_self\"><img width=\"967\" height=\"683\" src=\"https:\/\/alle-im-digitalen-wandel.de\/wp-content\/uploads\/2022\/09\/veraenderungskommunikation.jpg\" class=\"lsow-image skip-lazy no-lazyload exclude-me a3-notlazy wp-post-image\" alt=\"\" decoding=\"async\" loading=\"eager\" data-no-lazy=\"1\" srcset=\"https:\/\/alle-im-digitalen-wandel.de\/wp-content\/uploads\/2022\/09\/veraenderungskommunikation.jpg 967w, https:\/\/alle-im-digitalen-wandel.de\/wp-content\/uploads\/2022\/09\/veraenderungskommunikation-300x212.jpg 300w, https:\/\/alle-im-digitalen-wandel.de\/wp-content\/uploads\/2022\/09\/veraenderungskommunikation-768x542.jpg 768w\" sizes=\"(max-width: 967px) 100vw, 967px\" \/><\/a><div class=\"lsow-image-info\"><div class=\"lsow-entry-info\"><h3 class=\"lsow-post-title\"><a href=\"https:\/\/alle-im-digitalen-wandel.de\/home\/playbook-veraenderungskommunikation\/\" title=\"Playbook Ver\u00e4nderungs-Kommunikation\" target=\"_self\" rel=\"bookmark\">Playbook Ver\u00e4nderungs-Kommunikation<\/a><\/h3><\/div><\/div><!-- .lsow-image-info --><\/div><div class=\"lsow-entry-text-wrap \"><h3 class=\"entry-title\"><a href=\"https:\/\/alle-im-digitalen-wandel.de\/home\/playbook-veraenderungskommunikation\/\" title=\"Playbook Ver\u00e4nderungs-Kommunikation\" target=\"_self\" rel=\"bookmark\">Playbook Ver\u00e4nderungs-Kommunikation<\/a><\/h3><div class=\"lsow-entry-meta\"><span class=\"author vcard\">By <a class=\"url fn n\" href=\"https:\/\/alle-im-digitalen-wandel.de\/home\/author\/admin\/\" title=\"admin\">admin<\/a><\/span><span class=\"published\"><abbr title=\"Montag, September, 2022, 9:46 a.m.\">19. September 2022<\/abbr><\/span><\/div><div class=\"entry-summary\">Ver\u00e4nderungen in Betrieben: Playbook zeigt Bedeutung der Kommunikation und gibt zahlreiche Hilfestellungen. Mit dem Playbook \u201cVer\u00e4nderungen kommunizieren &#8211; Kommunikation ver\u00e4ndern\u201d erhalten Manager:innen und Kommunikationsfachleute eine umfangreiche Hilfestellung zur Kommunikation von Ver\u00e4nderungen in Unternehmen. Das Booklet ist im Rahmen des Projekts \u201cAlle im digitalen Wandel\u201d an der Hochschule Darmstadt entstanden und<\/div><\/div><\/article><!-- .hentry --><\/div><div data-id=\"id-1469\" class=\"lsow-grid-item lsow-portfolio-item  term-1 term-48 term-7 term-8\"><article id=\"post-1469\" class=\"post-1469 post type-post status-publish format-standard has-post-thumbnail hentry category-allgemein category-lesetipps category-neugier category-resilienz\"><div class=\"lsow-project-image\"><a href=\"https:\/\/alle-im-digitalen-wandel.de\/home\/playbook-resilienz-neugier\/\" target=\"_self\"><img width=\"1024\" height=\"685\" src=\"https:\/\/alle-im-digitalen-wandel.de\/wp-content\/uploads\/2022\/09\/Playbook2_A4_Visu_01c-1024x685.png\" class=\"lsow-image skip-lazy no-lazyload exclude-me a3-notlazy wp-post-image\" alt=\"\" decoding=\"async\" loading=\"eager\" data-no-lazy=\"1\" srcset=\"https:\/\/alle-im-digitalen-wandel.de\/wp-content\/uploads\/2022\/09\/Playbook2_A4_Visu_01c-1024x685.png 1024w, https:\/\/alle-im-digitalen-wandel.de\/wp-content\/uploads\/2022\/09\/Playbook2_A4_Visu_01c-300x201.png 300w, https:\/\/alle-im-digitalen-wandel.de\/wp-content\/uploads\/2022\/09\/Playbook2_A4_Visu_01c-768x514.png 768w, https:\/\/alle-im-digitalen-wandel.de\/wp-content\/uploads\/2022\/09\/Playbook2_A4_Visu_01c-1536x1028.png 1536w, https:\/\/alle-im-digitalen-wandel.de\/wp-content\/uploads\/2022\/09\/Playbook2_A4_Visu_01c-2048x1371.png 2048w, https:\/\/alle-im-digitalen-wandel.de\/wp-content\/uploads\/2022\/09\/Playbook2_A4_Visu_01c-272x182.png 272w\" sizes=\"(max-width: 1024px) 100vw, 1024px\" \/><\/a><div class=\"lsow-image-info\"><div class=\"lsow-entry-info\"><h3 class=\"lsow-post-title\"><a href=\"https:\/\/alle-im-digitalen-wandel.de\/home\/playbook-resilienz-neugier\/\" title=\"Playbook Resilienz &#038; Neugier\" target=\"_self\" rel=\"bookmark\">Playbook Resilienz &#038; Neugier<\/a><\/h3><\/div><\/div><!-- .lsow-image-info --><\/div><div class=\"lsow-entry-text-wrap \"><h3 class=\"entry-title\"><a href=\"https:\/\/alle-im-digitalen-wandel.de\/home\/playbook-resilienz-neugier\/\" title=\"Playbook Resilienz &#038; Neugier\" target=\"_self\" rel=\"bookmark\">Playbook Resilienz &#038; Neugier<\/a><\/h3><div class=\"lsow-entry-meta\"><span class=\"author vcard\">By <a class=\"url fn n\" href=\"https:\/\/alle-im-digitalen-wandel.de\/home\/author\/admin\/\" title=\"admin\">admin<\/a><\/span><span class=\"published\"><abbr title=\"Dienstag, September, 2022, 3:42 p.m.\">13. September 2022<\/abbr><\/span><\/div><div class=\"entry-summary\">Hier k\u00f6nnen Sie das Playbook Resilienz und Neugier \u2013 15 Rezeptideen f\u00fcr eine gesunde Unternehmensentwicklung im 21. Jahrhundert herunterladen.<\/div><\/div><\/article><!-- .hentry --><\/div><div data-id=\"id-1450\" class=\"lsow-grid-item lsow-portfolio-item  term-1 term-7 term-8\"><article id=\"post-1450\" class=\"post-1450 post type-post status-publish format-standard has-post-thumbnail hentry category-allgemein category-neugier category-resilienz tag-resilienz\"><div class=\"lsow-project-image\"><a href=\"https:\/\/alle-im-digitalen-wandel.de\/home\/resilienz-training\/\" target=\"_self\"><img width=\"1024\" height=\"633\" src=\"https:\/\/alle-im-digitalen-wandel.de\/wp-content\/uploads\/2022\/09\/Resilienz-Training-1024x633.png\" class=\"lsow-image skip-lazy no-lazyload exclude-me a3-notlazy wp-post-image\" alt=\"\" decoding=\"async\" loading=\"eager\" data-no-lazy=\"1\" srcset=\"https:\/\/alle-im-digitalen-wandel.de\/wp-content\/uploads\/2022\/09\/Resilienz-Training-1024x633.png 1024w, https:\/\/alle-im-digitalen-wandel.de\/wp-content\/uploads\/2022\/09\/Resilienz-Training-300x186.png 300w, https:\/\/alle-im-digitalen-wandel.de\/wp-content\/uploads\/2022\/09\/Resilienz-Training-768x475.png 768w, https:\/\/alle-im-digitalen-wandel.de\/wp-content\/uploads\/2022\/09\/Resilienz-Training-1536x950.png 1536w, https:\/\/alle-im-digitalen-wandel.de\/wp-content\/uploads\/2022\/09\/Resilienz-Training.png 1720w\" sizes=\"(max-width: 1024px) 100vw, 1024px\" \/><\/a><div class=\"lsow-image-info\"><div class=\"lsow-entry-info\"><h3 class=\"lsow-post-title\"><a href=\"https:\/\/alle-im-digitalen-wandel.de\/home\/resilienz-training\/\" title=\"Resilienz-Training\" target=\"_self\" rel=\"bookmark\">Resilienz-Training<\/a><\/h3><\/div><\/div><!-- .lsow-image-info --><\/div><div class=\"lsow-entry-text-wrap \"><h3 class=\"entry-title\"><a href=\"https:\/\/alle-im-digitalen-wandel.de\/home\/resilienz-training\/\" title=\"Resilienz-Training\" target=\"_self\" rel=\"bookmark\">Resilienz-Training<\/a><\/h3><div class=\"lsow-entry-meta\"><span class=\"author vcard\">By <a class=\"url fn n\" href=\"https:\/\/alle-im-digitalen-wandel.de\/home\/author\/maximilian-grund\/\" title=\"Maximilian Grund\">Maximilian Grund<\/a><\/span><span class=\"published\"><abbr title=\"Dienstag, September, 2022, 3:32 p.m.\">13. September 2022<\/abbr><\/span><\/div><div class=\"entry-summary\">In folgender Gliederung werden Sie durch das Resilienz Training geleitet. Helmut Aatz erkl\u00e4rt Ihnen Schritt f\u00fcr Schritt, welche Vorteile Resilienz in Ihrem Leben haben wird. Die Videos leiten Sie hierbei mit verschiedenen Impulsen durch den Kurs. Durch angeleitete Achtsamkeits\u00fcbungen k\u00f6nnen Sie direkt in die Umsetzung gehen. Um noch mehr in<\/div><\/div><\/article><!-- .hentry --><\/div><div data-id=\"id-1354\" class=\"lsow-grid-item lsow-portfolio-item  term-45 term-1 term-11\"><article id=\"post-1354\" class=\"post-1354 post type-post status-publish format-standard has-post-thumbnail hentry category-aktuelles category-allgemein category-events\"><div class=\"lsow-project-image\"><a href=\"https:\/\/alle-im-digitalen-wandel.de\/home\/abschlussveranstaltung-alle-im-digitalen-wandel-rueckblick\/\" target=\"_self\"><img width=\"1024\" height=\"339\" src=\"https:\/\/alle-im-digitalen-wandel.de\/wp-content\/uploads\/2021\/12\/Bild1-1024x339.png\" class=\"lsow-image skip-lazy no-lazyload exclude-me a3-notlazy wp-post-image\" alt=\"\" decoding=\"async\" loading=\"eager\" data-no-lazy=\"1\" srcset=\"https:\/\/alle-im-digitalen-wandel.de\/wp-content\/uploads\/2021\/12\/Bild1-1024x339.png 1024w, https:\/\/alle-im-digitalen-wandel.de\/wp-content\/uploads\/2021\/12\/Bild1-300x99.png 300w, https:\/\/alle-im-digitalen-wandel.de\/wp-content\/uploads\/2021\/12\/Bild1-768x254.png 768w, https:\/\/alle-im-digitalen-wandel.de\/wp-content\/uploads\/2021\/12\/Bild1.png 1282w\" sizes=\"(max-width: 1024px) 100vw, 1024px\" \/><\/a><div class=\"lsow-image-info\"><div class=\"lsow-entry-info\"><h3 class=\"lsow-post-title\"><a href=\"https:\/\/alle-im-digitalen-wandel.de\/home\/abschlussveranstaltung-alle-im-digitalen-wandel-rueckblick\/\" title=\"Abschlussveranstaltung &#8222;ALLE im digitalen Wandel&#8220;: R\u00fcckblick\" target=\"_self\" rel=\"bookmark\">Abschlussveranstaltung &#8222;ALLE im digitalen Wandel&#8220;: R\u00fcckblick<\/a><\/h3><\/div><\/div><!-- .lsow-image-info --><\/div><div class=\"lsow-entry-text-wrap \"><h3 class=\"entry-title\"><a href=\"https:\/\/alle-im-digitalen-wandel.de\/home\/abschlussveranstaltung-alle-im-digitalen-wandel-rueckblick\/\" title=\"Abschlussveranstaltung &#8222;ALLE im digitalen Wandel&#8220;: R\u00fcckblick\" target=\"_self\" rel=\"bookmark\">Abschlussveranstaltung &#8222;ALLE im digitalen Wandel&#8220;: R\u00fcckblick<\/a><\/h3><div class=\"lsow-entry-meta\"><span class=\"author vcard\">By <a class=\"url fn n\" href=\"https:\/\/alle-im-digitalen-wandel.de\/home\/author\/jochen-robes\/\" title=\"Jochen Robes\">Jochen Robes<\/a><\/span><span class=\"published\"><abbr title=\"Dienstag, November, 2021, 2:50 p.m.\">30. November 2021<\/abbr><\/span><\/div><div class=\"entry-summary\">(30.11.2021) Nicht erst seit Corona ist klar, dass digitales Arbeiten f\u00fcr Organisationen ein wichtiger Baustein ihrer nachhaltigen Zukunftsplanungen ist. Aber wie kann ein solches Arbeiten organisiert werden, welche Kompetenzen werden dazu ben\u00f6tigt, wie kommuniziert man diese Ver\u00e4nderungen im Unternehmen und was haben Resilienz und Neugier damit zu tun? Diesen Fragen<\/div><\/div><\/article><!-- .hentry --><\/div><div data-id=\"id-1316\" class=\"lsow-grid-item lsow-portfolio-item  term-45 term-1 term-11\"><article id=\"post-1316\" class=\"post-1316 post type-post status-publish format-standard has-post-thumbnail hentry category-aktuelles category-allgemein category-events\"><div class=\"lsow-project-image\"><a href=\"https:\/\/alle-im-digitalen-wandel.de\/home\/abschlussveranstaltung-am-02-11-2021\/\" target=\"_self\"><img width=\"1024\" height=\"898\" src=\"https:\/\/alle-im-digitalen-wandel.de\/wp-content\/uploads\/2019\/11\/Space_img-1024x898.png\" class=\"lsow-image skip-lazy no-lazyload exclude-me a3-notlazy wp-post-image\" alt=\"\" decoding=\"async\" loading=\"eager\" data-no-lazy=\"1\" srcset=\"https:\/\/alle-im-digitalen-wandel.de\/wp-content\/uploads\/2019\/11\/Space_img-1024x898.png 1024w, https:\/\/alle-im-digitalen-wandel.de\/wp-content\/uploads\/2019\/11\/Space_img-300x263.png 300w, https:\/\/alle-im-digitalen-wandel.de\/wp-content\/uploads\/2019\/11\/Space_img-768x674.png 768w, https:\/\/alle-im-digitalen-wandel.de\/wp-content\/uploads\/2019\/11\/Space_img.png 1424w\" sizes=\"(max-width: 1024px) 100vw, 1024px\" \/><\/a><div class=\"lsow-image-info\"><div class=\"lsow-entry-info\"><h3 class=\"lsow-post-title\"><a href=\"https:\/\/alle-im-digitalen-wandel.de\/home\/abschlussveranstaltung-am-02-11-2021\/\" title=\"Abschlussveranstaltung am 02.11.2021\" target=\"_self\" rel=\"bookmark\">Abschlussveranstaltung am 02.11.2021<\/a><\/h3><\/div><\/div><!-- .lsow-image-info --><\/div><div class=\"lsow-entry-text-wrap \"><h3 class=\"entry-title\"><a href=\"https:\/\/alle-im-digitalen-wandel.de\/home\/abschlussveranstaltung-am-02-11-2021\/\" title=\"Abschlussveranstaltung am 02.11.2021\" target=\"_self\" rel=\"bookmark\">Abschlussveranstaltung am 02.11.2021<\/a><\/h3><div class=\"lsow-entry-meta\"><span class=\"author vcard\">By <a class=\"url fn n\" href=\"https:\/\/alle-im-digitalen-wandel.de\/home\/author\/admin\/\" title=\"admin\">admin<\/a><\/span><span class=\"published\"><abbr title=\"Freitag, Oktober, 2021, 3:30 p.m.\">15. Oktober 2021<\/abbr><\/span><\/div><div class=\"entry-summary\">Abschlussveranstaltung am 02.11.2021 Anfang 2019 startete das Projekt \u201eALLE im digitalen Wandel\u201c als eines von 17 Experimentierr\u00e4umen des Bundesministerium f\u00fcr Arbeit und Soziales (BMAS) in Zusammenarbeit mit der Initiative Neue Qualit\u00e4t der Arbeit. Gemeinsam mit einem Partnernetzwerk bestehend aus sechs ganz unterschiedlichen Unternehmen* haben wir die Herausforderungen untersucht, die die<\/div><\/div><\/article><!-- .hentry --><\/div><div data-id=\"id-1277\" class=\"lsow-grid-item lsow-portfolio-item  term-1 term-62\"><article id=\"post-1277\" class=\"post-1277 post type-post status-publish format-standard has-post-thumbnail hentry category-allgemein category-podcast tag-corona-krise tag-digitalisierung tag-handwerk-4-0 tag-mittelstand-4-0\"><div class=\"lsow-project-image\"><a href=\"https:\/\/alle-im-digitalen-wandel.de\/home\/alle-hoeren-einen-podcast-die-zweite\/\" target=\"_self\"><img width=\"1000\" height=\"667\" src=\"https:\/\/alle-im-digitalen-wandel.de\/wp-content\/uploads\/2021\/05\/podacst_202105b.jpg\" class=\"lsow-image skip-lazy no-lazyload exclude-me a3-notlazy wp-post-image\" alt=\"\" decoding=\"async\" loading=\"eager\" data-no-lazy=\"1\" srcset=\"https:\/\/alle-im-digitalen-wandel.de\/wp-content\/uploads\/2021\/05\/podacst_202105b.jpg 1000w, https:\/\/alle-im-digitalen-wandel.de\/wp-content\/uploads\/2021\/05\/podacst_202105b-300x200.jpg 300w, https:\/\/alle-im-digitalen-wandel.de\/wp-content\/uploads\/2021\/05\/podacst_202105b-768x512.jpg 768w, https:\/\/alle-im-digitalen-wandel.de\/wp-content\/uploads\/2021\/05\/podacst_202105b-272x182.jpg 272w\" sizes=\"(max-width: 1000px) 100vw, 1000px\" \/><\/a><div class=\"lsow-image-info\"><div class=\"lsow-entry-info\"><h3 class=\"lsow-post-title\"><a href=\"https:\/\/alle-im-digitalen-wandel.de\/home\/alle-hoeren-einen-podcast-die-zweite\/\" title=\"ALLE h\u00f6ren einen Podcast, die Zweite\" target=\"_self\" rel=\"bookmark\">ALLE h\u00f6ren einen Podcast, die Zweite<\/a><\/h3><\/div><\/div><!-- .lsow-image-info --><\/div><div class=\"lsow-entry-text-wrap \"><h3 class=\"entry-title\"><a href=\"https:\/\/alle-im-digitalen-wandel.de\/home\/alle-hoeren-einen-podcast-die-zweite\/\" title=\"ALLE h\u00f6ren einen Podcast, die Zweite\" target=\"_self\" rel=\"bookmark\">ALLE h\u00f6ren einen Podcast, die Zweite<\/a><\/h3><div class=\"lsow-entry-meta\"><span class=\"author vcard\">By <a class=\"url fn n\" href=\"https:\/\/alle-im-digitalen-wandel.de\/home\/author\/jochen-robes\/\" title=\"Jochen Robes\">Jochen Robes<\/a><\/span><span class=\"published\"><abbr title=\"Montag, April, 2021, 10:20 a.m.\">26. April 2021<\/abbr><\/span><\/div><div class=\"entry-summary\">Dieburg, 26.04.2021 (jr) Worum es in dieser Podcast-Folge geht: &#8222;Die Digitalisierung des Unternehmens beginnt in den K\u00f6pfen der Mitarbeitenden\u201c, das antwortet Michelle Weeren, wenn man sie fragt, welches Learning sie aus dem letzten Jahr \u201eALLE im digitalen Wandel\u201c mitgenommen hat. Das und dass am Ende des Tages alle Unternehmen, egal<\/div><\/div><\/article><!-- .hentry --><\/div><div data-id=\"id-1256\" class=\"lsow-grid-item lsow-portfolio-item  term-1 term-63\"><article id=\"post-1256\" class=\"post-1256 post type-post status-publish format-standard has-post-thumbnail hentry category-allgemein category-experimentierraeume tag-barcamp\"><div class=\"lsow-project-image\"><a href=\"https:\/\/alle-im-digitalen-wandel.de\/home\/agile-verwaltung-wie-kommt-der-tanker-in-bewegung-oder-experimentierraum-online-barcamp\/\" target=\"_self\"><img width=\"468\" height=\"274\" src=\"https:\/\/alle-im-digitalen-wandel.de\/wp-content\/uploads\/2021\/03\/Teilnehmer.jpg\" class=\"lsow-image skip-lazy no-lazyload exclude-me a3-notlazy wp-post-image\" alt=\"\" decoding=\"async\" loading=\"eager\" data-no-lazy=\"1\" srcset=\"https:\/\/alle-im-digitalen-wandel.de\/wp-content\/uploads\/2021\/03\/Teilnehmer.jpg 468w, https:\/\/alle-im-digitalen-wandel.de\/wp-content\/uploads\/2021\/03\/Teilnehmer-300x176.jpg 300w\" sizes=\"(max-width: 468px) 100vw, 468px\" \/><\/a><div class=\"lsow-image-info\"><div class=\"lsow-entry-info\"><h3 class=\"lsow-post-title\"><a href=\"https:\/\/alle-im-digitalen-wandel.de\/home\/agile-verwaltung-wie-kommt-der-tanker-in-bewegung-oder-experimentierraum-online-barcamp\/\" title=\"\u201eAgile Verwaltung \u2013 Wie kommt der Tanker in Bewegung?\u201c oder: Experimentierraum \u201eOnline BarCamp\u201c\" target=\"_self\" rel=\"bookmark\">\u201eAgile Verwaltung \u2013 Wie kommt der Tanker in Bewegung?\u201c oder: Experimentierraum \u201eOnline BarCamp\u201c<\/a><\/h3><\/div><\/div><!-- .lsow-image-info --><\/div><div class=\"lsow-entry-text-wrap \"><h3 class=\"entry-title\"><a href=\"https:\/\/alle-im-digitalen-wandel.de\/home\/agile-verwaltung-wie-kommt-der-tanker-in-bewegung-oder-experimentierraum-online-barcamp\/\" title=\"\u201eAgile Verwaltung \u2013 Wie kommt der Tanker in Bewegung?\u201c oder: Experimentierraum \u201eOnline BarCamp\u201c\" target=\"_self\" rel=\"bookmark\">\u201eAgile Verwaltung \u2013 Wie kommt der Tanker in Bewegung?\u201c oder: Experimentierraum \u201eOnline BarCamp\u201c<\/a><\/h3><div class=\"lsow-entry-meta\"><span class=\"author vcard\">By <a class=\"url fn n\" href=\"https:\/\/alle-im-digitalen-wandel.de\/home\/author\/jochen-robes\/\" title=\"Jochen Robes\">Jochen Robes<\/a><\/span><span class=\"published\"><abbr title=\"Mittwoch, M\u00e4rz, 2021, 9:34 a.m.\">24. M\u00e4rz 2021<\/abbr><\/span><\/div><div class=\"entry-summary\">Dieburg, 24.03.2021 (jr). Ein BarCamp durchzuf\u00fchren, stand schon l\u00e4nger auf der Agenda der\u00a0Zukunftswerkstatt in der Kreisverwaltung Darmstadt-Dieburg. Doch in Zeiten von Corona m\u00fcssen Ziele und Aufgaben immer wieder an wechselnde Rahmenbedingungen angepasst werden. Also entwickelte die Zukunftswerkstatt zusammen mit dem Projektpartner Hochschule Darmstadt die Idee, mit einem Online-BarCamp erste Erfahrungen<\/div><\/div><\/article><!-- .hentry --><\/div><div data-id=\"id-1225\" class=\"lsow-grid-item lsow-portfolio-item  term-1 term-62\"><article id=\"post-1225\" class=\"post-1225 post type-post status-publish format-standard has-post-thumbnail hentry category-allgemein category-podcast tag-alle-im-digitalen-wandel tag-arbeitswelt-4-0 tag-barcamp tag-digitale-transformation tag-digitaler-wandel tag-digitalisierung tag-experimentierraum tag-podcast\"><div class=\"lsow-project-image\"><a href=\"https:\/\/alle-im-digitalen-wandel.de\/home\/alle-hoeren-einen-podcast\/\" target=\"_self\"><img width=\"1024\" height=\"768\" src=\"https:\/\/alle-im-digitalen-wandel.de\/wp-content\/uploads\/2020\/11\/photo-1556761175-129418cb2dfe-1024x768.jpeg\" class=\"lsow-image skip-lazy no-lazyload exclude-me a3-notlazy wp-post-image\" alt=\"\" decoding=\"async\" loading=\"eager\" data-no-lazy=\"1\" srcset=\"https:\/\/alle-im-digitalen-wandel.de\/wp-content\/uploads\/2020\/11\/photo-1556761175-129418cb2dfe-1024x768.jpeg 1024w, https:\/\/alle-im-digitalen-wandel.de\/wp-content\/uploads\/2020\/11\/photo-1556761175-129418cb2dfe-300x225.jpeg 300w, https:\/\/alle-im-digitalen-wandel.de\/wp-content\/uploads\/2020\/11\/photo-1556761175-129418cb2dfe-768x576.jpeg 768w, https:\/\/alle-im-digitalen-wandel.de\/wp-content\/uploads\/2020\/11\/photo-1556761175-129418cb2dfe.jpeg 1334w\" sizes=\"(max-width: 1024px) 100vw, 1024px\" \/><\/a><div class=\"lsow-image-info\"><div class=\"lsow-entry-info\"><h3 class=\"lsow-post-title\"><a href=\"https:\/\/alle-im-digitalen-wandel.de\/home\/alle-hoeren-einen-podcast\/\" title=\"ALLE h\u00f6ren einen Podcast\" target=\"_self\" rel=\"bookmark\">ALLE h\u00f6ren einen Podcast<\/a><\/h3><\/div><\/div><!-- .lsow-image-info --><\/div><div class=\"lsow-entry-text-wrap \"><h3 class=\"entry-title\"><a href=\"https:\/\/alle-im-digitalen-wandel.de\/home\/alle-hoeren-einen-podcast\/\" title=\"ALLE h\u00f6ren einen Podcast\" target=\"_self\" rel=\"bookmark\">ALLE h\u00f6ren einen Podcast<\/a><\/h3><div class=\"lsow-entry-meta\"><span class=\"author vcard\">By <a class=\"url fn n\" href=\"https:\/\/alle-im-digitalen-wandel.de\/home\/author\/hannah-schuerr\/\" title=\"Hannah Sch\u00fcrr\">Hannah Sch\u00fcrr<\/a><\/span><span class=\"published\"><abbr title=\"Mittwoch, November, 2020, 6:52 p.m.\">25. November 2020<\/abbr><\/span><\/div><div class=\"entry-summary\">ALLE in einem Podcast Da ist sie also tats\u00e4chlich: unsere aller erste Podcastfolge! Lange haben wir gebastelt, konzipiert, organisiert, geplant und dann schlie\u00dflich umgesetzt. Noch etwas holprig pr\u00e4sentieren wir uns heute, am Setting stehen die n\u00e4chsten Wochen noch einige Verbesserungen an! Aber wer zu lange wartet, verpasst irgendwann einfach anzufangen.<\/div><\/div><\/article><!-- .hentry --><\/div><div data-id=\"id-1200\" class=\"lsow-grid-item lsow-portfolio-item  term-45 term-1 term-11 term-8\"><article id=\"post-1200\" class=\"post-1200 post type-post status-publish format-standard has-post-thumbnail hentry category-aktuelles category-allgemein category-events category-resilienz tag-agilitaet tag-betriebswirtschaftslehre tag-flexibilitaet tag-krise tag-organisationelle-resilienz tag-resilienz tag-unternehmen\"><div class=\"lsow-project-image\"><a href=\"https:\/\/alle-im-digitalen-wandel.de\/home\/krisen-sollte-man-nutzen-die-bedeutung-der-organisationalen-resilienz\/\" target=\"_self\"><img width=\"900\" height=\"467\" src=\"https:\/\/alle-im-digitalen-wandel.de\/wp-content\/uploads\/2020\/10\/photo-1516472944114-b81af6986ded.jpeg\" class=\"lsow-image skip-lazy no-lazyload exclude-me a3-notlazy wp-post-image\" alt=\"\" decoding=\"async\" loading=\"eager\" data-no-lazy=\"1\" srcset=\"https:\/\/alle-im-digitalen-wandel.de\/wp-content\/uploads\/2020\/10\/photo-1516472944114-b81af6986ded.jpeg 900w, https:\/\/alle-im-digitalen-wandel.de\/wp-content\/uploads\/2020\/10\/photo-1516472944114-b81af6986ded-300x156.jpeg 300w, https:\/\/alle-im-digitalen-wandel.de\/wp-content\/uploads\/2020\/10\/photo-1516472944114-b81af6986ded-768x399.jpeg 768w\" sizes=\"(max-width: 900px) 100vw, 900px\" \/><\/a><div class=\"lsow-image-info\"><div class=\"lsow-entry-info\"><h3 class=\"lsow-post-title\"><a href=\"https:\/\/alle-im-digitalen-wandel.de\/home\/krisen-sollte-man-nutzen-die-bedeutung-der-organisationalen-resilienz\/\" title=\"Krisen sollte man nutzen! \u2013 Die Bedeutung der organisationalen Resilienz\" target=\"_self\" rel=\"bookmark\">Krisen sollte man nutzen! \u2013 Die Bedeutung der organisationalen Resilienz<\/a><\/h3><\/div><\/div><!-- .lsow-image-info --><\/div><div class=\"lsow-entry-text-wrap \"><h3 class=\"entry-title\"><a href=\"https:\/\/alle-im-digitalen-wandel.de\/home\/krisen-sollte-man-nutzen-die-bedeutung-der-organisationalen-resilienz\/\" title=\"Krisen sollte man nutzen! \u2013 Die Bedeutung der organisationalen Resilienz\" target=\"_self\" rel=\"bookmark\">Krisen sollte man nutzen! \u2013 Die Bedeutung der organisationalen Resilienz<\/a><\/h3><div class=\"lsow-entry-meta\"><span class=\"author vcard\">By <a class=\"url fn n\" href=\"https:\/\/alle-im-digitalen-wandel.de\/home\/author\/hannah-schuerr\/\" title=\"Hannah Sch\u00fcrr\">Hannah Sch\u00fcrr<\/a><\/span><span class=\"published\"><abbr title=\"Dienstag, Oktober, 2020, 7:17 p.m.\">20. Oktober 2020<\/abbr><\/span><\/div><div class=\"entry-summary\">Krisen sollte man nutzen! \u2013 Die Bedeutung der organisationalen Resilienz Der Begriff &#8222;Resilienz&#8220; stammt urspr\u00fcnglich aus der Werkstoffkunde und beschreibt die Eigenschaft eines Stoffes, sich nach einer Verformung durch \u00e4u\u00dfere Einwirkung wieder in seinen Ursprungszustand zur\u00fcck zu bilden. Die Ingenieurswissenschaften sprechen von resilienten Anlagen, wenn es eingebaute Redundanzen und zus\u00e4tzliche<\/div><\/div><\/article><!-- .hentry --><\/div><div data-id=\"id-1208\" class=\"lsow-grid-item lsow-portfolio-item  term-45 term-1 term-11 term-8\"><article id=\"post-1208\" class=\"post-1208 post type-post status-publish format-standard has-post-thumbnail hentry category-aktuelles category-allgemein category-events category-resilienz\"><div class=\"lsow-project-image\"><a href=\"https:\/\/alle-im-digitalen-wandel.de\/home\/seminar-reihe-zur-organisationalen-resilienz-startet-am-27-10-2020\/\" target=\"_self\"><img width=\"650\" height=\"325\" src=\"https:\/\/alle-im-digitalen-wandel.de\/wp-content\/uploads\/2020\/10\/260fa685-99a6-4e94-9e1f-f1d9cb1fbcb0.png\" class=\"lsow-image skip-lazy no-lazyload exclude-me a3-notlazy wp-post-image\" alt=\"\" decoding=\"async\" loading=\"eager\" data-no-lazy=\"1\" srcset=\"https:\/\/alle-im-digitalen-wandel.de\/wp-content\/uploads\/2020\/10\/260fa685-99a6-4e94-9e1f-f1d9cb1fbcb0.png 650w, https:\/\/alle-im-digitalen-wandel.de\/wp-content\/uploads\/2020\/10\/260fa685-99a6-4e94-9e1f-f1d9cb1fbcb0-300x150.png 300w\" sizes=\"(max-width: 650px) 100vw, 650px\" \/><\/a><div class=\"lsow-image-info\"><div class=\"lsow-entry-info\"><h3 class=\"lsow-post-title\"><a href=\"https:\/\/alle-im-digitalen-wandel.de\/home\/seminar-reihe-zur-organisationalen-resilienz-startet-am-27-10-2020\/\" title=\"Seminar-Reihe zur Organisationalen Resilienz startet am 27.10.2020\" target=\"_self\" rel=\"bookmark\">Seminar-Reihe zur Organisationalen Resilienz startet am 27.10.2020<\/a><\/h3><\/div><\/div><!-- .lsow-image-info --><\/div><div class=\"lsow-entry-text-wrap \"><h3 class=\"entry-title\"><a href=\"https:\/\/alle-im-digitalen-wandel.de\/home\/seminar-reihe-zur-organisationalen-resilienz-startet-am-27-10-2020\/\" title=\"Seminar-Reihe zur Organisationalen Resilienz startet am 27.10.2020\" target=\"_self\" rel=\"bookmark\">Seminar-Reihe zur Organisationalen Resilienz startet am 27.10.2020<\/a><\/h3><div class=\"lsow-entry-meta\"><span class=\"author vcard\">By <a class=\"url fn n\" href=\"https:\/\/alle-im-digitalen-wandel.de\/home\/author\/hannah-schuerr\/\" title=\"Hannah Sch\u00fcrr\">Hannah Sch\u00fcrr<\/a><\/span><span class=\"published\"><abbr title=\"Dienstag, Oktober, 2020, 7:08 p.m.\">20. Oktober 2020<\/abbr><\/span><\/div><div class=\"entry-summary\">Seminar-Reihe zur Organisationalen Resilienz startet am 27.10.2020 Was verbirgt sich hinter dem Begriff \u201eOrganisationale Resilienz\u201c? K\u00f6nnen Unternehmen widerstandsf\u00e4higer gegen\u00fcber den Herausforderungen einer zunehmend komplexen, volatilen und digitalisierten Umwelt werden? Worauf ist zu achten und wie steigert man die \u201eWiderstandsf\u00e4higkeit\u201c ganzer Belegschaften? Diesen und vielen weiteren Fragen gehen der INQA Fachkreis<\/div><\/div><\/article><!-- .hentry --><\/div><\/div><!-- .lsow-portfolio --><\/div><!-- .lsow-portfolio-wrap --><\/div><\/div><\/div><\/div><\/div>","protected":false},"excerpt":{"rendered":"","protected":false},"author":1,"featured_media":0,"parent":0,"menu_order":0,"comment_status":"closed","ping_status":"closed","template":"page-templates\/full-width.php","meta":{"_themeisle_gutenberg_block_has_review":false},"yoast_head":"<!-- This site is optimized with the Yoast SEO plugin v19.11 - https:\/\/yoast.com\/wordpress\/plugins\/seo\/ -->\n<title>Aktuelles - Alle im digitalen Wandel<\/title>\n<meta name=\"robots\" content=\"index, follow, max-snippet:-1, max-image-preview:large, max-video-preview:-1\" \/>\n<link rel=\"canonical\" href=\"https:\/\/alle-im-digitalen-wandel.de\/home\/blog\/\" \/>\n<meta property=\"og:locale\" content=\"de_DE\" \/>\n<meta property=\"og:type\" content=\"article\" \/>\n<meta property=\"og:title\" content=\"Aktuelles - Alle im digitalen Wandel\" \/>\n<meta property=\"og:url\" content=\"https:\/\/alle-im-digitalen-wandel.de\/home\/blog\/\" \/>\n<meta property=\"og:site_name\" content=\"Alle im digitalen Wandel\" \/>\n<meta property=\"article:modified_time\" content=\"2020-11-09T16:42:23+00:00\" \/>\n<meta name=\"twitter:card\" content=\"summary_large_image\" \/>\n<script type=\"application\/ld+json\" class=\"yoast-schema-graph\">{\"@context\":\"https:\/\/schema.org\",\"@graph\":[{\"@type\":\"WebPage\",\"@id\":\"https:\/\/alle-im-digitalen-wandel.de\/home\/blog\/\",\"url\":\"https:\/\/alle-im-digitalen-wandel.de\/home\/blog\/\",\"name\":\"Aktuelles - Alle im digitalen Wandel\",\"isPartOf\":{\"@id\":\"https:\/\/alle-im-digitalen-wandel.de\/home\/#website\"},\"datePublished\":\"2019-09-06T10:55:56+00:00\",\"dateModified\":\"2020-11-09T16:42:23+00:00\",\"breadcrumb\":{\"@id\":\"https:\/\/alle-im-digitalen-wandel.de\/home\/blog\/#breadcrumb\"},\"inLanguage\":\"de\",\"potentialAction\":[{\"@type\":\"ReadAction\",\"target\":[\"https:\/\/alle-im-digitalen-wandel.de\/home\/blog\/\"]}]},{\"@type\":\"BreadcrumbList\",\"@id\":\"https:\/\/alle-im-digitalen-wandel.de\/home\/blog\/#breadcrumb\",\"itemListElement\":[{\"@type\":\"ListItem\",\"position\":1,\"name\":\"Startseite\",\"item\":\"https:\/\/alle-im-digitalen-wandel.de\/home\/\"},{\"@type\":\"ListItem\",\"position\":2,\"name\":\"Aktuelles\"}]},{\"@type\":\"WebSite\",\"@id\":\"https:\/\/alle-im-digitalen-wandel.de\/home\/#website\",\"url\":\"https:\/\/alle-im-digitalen-wandel.de\/home\/\",\"name\":\"Alle im digitalen Wandel\",\"description\":\"Ein Projekt der Hochschule Darmstadt\",\"publisher\":{\"@id\":\"https:\/\/alle-im-digitalen-wandel.de\/home\/#organization\"},\"potentialAction\":[{\"@type\":\"SearchAction\",\"target\":{\"@type\":\"EntryPoint\",\"urlTemplate\":\"https:\/\/alle-im-digitalen-wandel.de\/home\/?s={search_term_string}\"},\"query-input\":\"required name=search_term_string\"}],\"inLanguage\":\"de\"},{\"@type\":\"Organization\",\"@id\":\"https:\/\/alle-im-digitalen-wandel.de\/home\/#organization\",\"name\":\"Alle im digitalen Wandel\",\"url\":\"https:\/\/alle-im-digitalen-wandel.de\/home\/\",\"logo\":{\"@type\":\"ImageObject\",\"inLanguage\":\"de\",\"@id\":\"https:\/\/alle-im-digitalen-wandel.de\/home\/#\/schema\/logo\/image\/\",\"url\":\"https:\/\/alle-im-digitalen-wandel.de\/wp-content\/uploads\/2020\/07\/cropped-Frame21.png\",\"contentUrl\":\"https:\/\/alle-im-digitalen-wandel.de\/wp-content\/uploads\/2020\/07\/cropped-Frame21.png\",\"width\":1786,\"height\":782,\"caption\":\"Alle im digitalen Wandel\"},\"image\":{\"@id\":\"https:\/\/alle-im-digitalen-wandel.de\/home\/#\/schema\/logo\/image\/\"}}]}<\/script>\n<!-- \/ Yoast SEO plugin. -->","yoast_head_json":{"title":"Aktuelles - Alle im digitalen Wandel","robots":{"index":"index","follow":"follow","max-snippet":"max-snippet:-1","max-image-preview":"max-image-preview:large","max-video-preview":"max-video-preview:-1"},"canonical":"https:\/\/alle-im-digitalen-wandel.de\/home\/blog\/","og_locale":"de_DE","og_type":"article","og_title":"Aktuelles - Alle im digitalen Wandel","og_url":"https:\/\/alle-im-digitalen-wandel.de\/home\/blog\/","og_site_name":"Alle im digitalen Wandel","article_modified_time":"2020-11-09T16:42:23+00:00","twitter_card":"summary_large_image","schema":{"@context":"https:\/\/schema.org","@graph":[{"@type":"WebPage","@id":"https:\/\/alle-im-digitalen-wandel.de\/home\/blog\/","url":"https:\/\/alle-im-digitalen-wandel.de\/home\/blog\/","name":"Aktuelles - Alle im digitalen Wandel","isPartOf":{"@id":"https:\/\/alle-im-digitalen-wandel.de\/home\/#website"},"datePublished":"2019-09-06T10:55:56+00:00","dateModified":"2020-11-09T16:42:23+00:00","breadcrumb":{"@id":"https:\/\/alle-im-digitalen-wandel.de\/home\/blog\/#breadcrumb"},"inLanguage":"de","potentialAction":[{"@type":"ReadAction","target":["https:\/\/alle-im-digitalen-wandel.de\/home\/blog\/"]}]},{"@type":"BreadcrumbList","@id":"https:\/\/alle-im-digitalen-wandel.de\/home\/blog\/#breadcrumb","itemListElement":[{"@type":"ListItem","position":1,"name":"Startseite","item":"https:\/\/alle-im-digitalen-wandel.de\/home\/"},{"@type":"ListItem","position":2,"name":"Aktuelles"}]},{"@type":"WebSite","@id":"https:\/\/alle-im-digitalen-wandel.de\/home\/#website","url":"https:\/\/alle-im-digitalen-wandel.de\/home\/","name":"Alle im digitalen Wandel","description":"Ein Projekt der Hochschule Darmstadt","publisher":{"@id":"https:\/\/alle-im-digitalen-wandel.de\/home\/#organization"},"potentialAction":[{"@type":"SearchAction","target":{"@type":"EntryPoint","urlTemplate":"https:\/\/alle-im-digitalen-wandel.de\/home\/?s={search_term_string}"},"query-input":"required name=search_term_string"}],"inLanguage":"de"},{"@type":"Organization","@id":"https:\/\/alle-im-digitalen-wandel.de\/home\/#organization","name":"Alle im digitalen Wandel","url":"https:\/\/alle-im-digitalen-wandel.de\/home\/","logo":{"@type":"ImageObject","inLanguage":"de","@id":"https:\/\/alle-im-digitalen-wandel.de\/home\/#\/schema\/logo\/image\/","url":"https:\/\/alle-im-digitalen-wandel.de\/wp-content\/uploads\/2020\/07\/cropped-Frame21.png","contentUrl":"https:\/\/alle-im-digitalen-wandel.de\/wp-content\/uploads\/2020\/07\/cropped-Frame21.png","width":1786,"height":782,"caption":"Alle im digitalen Wandel"},"image":{"@id":"https:\/\/alle-im-digitalen-wandel.de\/home\/#\/schema\/logo\/image\/"}}]}},"_links":{"self":[{"href":"https:\/\/alle-im-digitalen-wandel.de\/home\/wp-json\/wp\/v2\/pages\/21"}],"collection":[{"href":"https:\/\/alle-im-digitalen-wandel.de\/home\/wp-json\/wp\/v2\/pages"}],"about":[{"href":"https:\/\/alle-im-digitalen-wandel.de\/home\/wp-json\/wp\/v2\/types\/page"}],"author":[{"embeddable":true,"href":"https:\/\/alle-im-digitalen-wandel.de\/home\/wp-json\/wp\/v2\/users\/1"}],"replies":[{"embeddable":true,"href":"https:\/\/alle-im-digitalen-wandel.de\/home\/wp-json\/wp\/v2\/comments?post=21"}],"version-history":[{"count":33,"href":"https:\/\/alle-im-digitalen-wandel.de\/home\/wp-json\/wp\/v2\/pages\/21\/revisions"}],"predecessor-version":[{"id":1223,"href":"https:\/\/alle-im-digitalen-wandel.de\/home\/wp-json\/wp\/v2\/pages\/21\/revisions\/1223"}],"wp:attachment":[{"href":"https:\/\/alle-im-digitalen-wandel.de\/home\/wp-json\/wp\/v2\/media?parent=21"}],"curies":[{"name":"wp","href":"https:\/\/api.w.org\/{rel}","templated":true}]}}